{"id":23,"date":"2021-11-09T22:50:58","date_gmt":"2021-11-10T04:50:58","guid":{"rendered":"https:\/\/omtrek.com.mx\/?page_id=23"},"modified":"2022-09-15T10:14:12","modified_gmt":"2022-09-15T15:14:12","slug":"multifamiliar-y-comercial","status":"publish","type":"page","link":"https:\/\/omtrek.com.mx\/en\/productos\/puertas-y-ventanas\/linea-pvc\/multifamiliar-y-comercial\/","title":{"rendered":"Multifamiliar y Comercial"},"content":{"rendered":"\t\t<div data-elementor-type=\"wp-page\" data-elementor-id=\"23\" class=\"elementor elementor-23\" data-elementor-post-type=\"page\">\n\t\t\t\t\t\t<section class=\"elementor-section elementor-top-section elementor-element elementor-element-017b995 elementor-section-full_width elementor-section-height-default elementor-section-height-default\" data-id=\"017b995\" data-element_type=\"section\" data-e-type=\"section\">\n\t\t\t\t\t\t<div class=\"elementor-container elementor-column-gap-default\">\n\t\t\t\t\t<div class=\"elementor-column elementor-col-100 elementor-top-column elementor-element elementor-element-b8df2fc\" data-id=\"b8df2fc\" data-element_type=\"column\" data-e-type=\"column\">\n\t\t\t<div class=\"elementor-widget-wrap elementor-element-populated\">\n\t\t\t\t\t\t<div class=\"elementor-element elementor-element-5b4737c elementor-widget elementor-widget-image\" data-id=\"5b4737c\" data-element_type=\"widget\" data-e-type=\"widget\" data-widget_type=\"image.default\">\n\t\t\t\t<div class=\"elementor-widget-container\">\n\t\t\t\t\t\t\t\t\t\t\t\t\t\t\t<img fetchpriority=\"high\" decoding=\"async\" width=\"1280\" height=\"230\" src=\"https:\/\/omtrek.com.mx\/wp-content\/uploads\/comercial_banner_omtrekweb.jpg\" class=\"attachment-full size-full wp-image-1319\" alt=\"\" srcset=\"https:\/\/omtrek.com.mx\/wp-content\/uploads\/comercial_banner_omtrekweb.jpg 1280w, https:\/\/omtrek.com.mx\/wp-content\/uploads\/comercial_banner_omtrekweb-300x54.jpg 300w, https:\/\/omtrek.com.mx\/wp-content\/uploads\/comercial_banner_omtrekweb-1024x184.jpg 1024w, https:\/\/omtrek.com.mx\/wp-content\/uploads\/comercial_banner_omtrekweb-768x138.jpg 768w\" sizes=\"(max-width: 1280px) 100vw, 1280px\" \/>\t\t\t\t\t\t\t\t\t\t\t\t\t\t\t<\/div>\n\t\t\t\t<\/div>\n\t\t\t\t\t<\/div>\n\t\t<\/div>\n\t\t\t\t\t<\/div>\n\t\t<\/section>\n\t\t\t\t<section class=\"elementor-section elementor-top-section elementor-element elementor-element-717217a4 elementor-section-content-middle elementor-section-boxed elementor-section-height-default elementor-section-height-default\" data-id=\"717217a4\" data-element_type=\"section\" data-e-type=\"section\" data-settings=\"{&quot;background_background&quot;:&quot;classic&quot;}\">\n\t\t\t\t\t\t<div class=\"elementor-container elementor-column-gap-no\">\n\t\t\t\t\t<div class=\"elementor-column elementor-col-100 elementor-top-column elementor-element elementor-element-4d0532fe\" data-id=\"4d0532fe\" data-element_type=\"column\" data-e-type=\"column\">\n\t\t\t<div class=\"elementor-widget-wrap elementor-element-populated\">\n\t\t\t\t\t\t<div class=\"elementor-element elementor-element-3bd539f7 elementor-widget elementor-widget-heading\" data-id=\"3bd539f7\" data-element_type=\"widget\" data-e-type=\"widget\" data-widget_type=\"heading.default\">\n\t\t\t\t<div class=\"elementor-widget-container\">\n\t\t\t\t\t<h2 class=\"elementor-heading-title elementor-size-default\">Multifamiliar y Comercial<\/h2>\t\t\t\t<\/div>\n\t\t\t\t<\/div>\n\t\t\t\t<section class=\"elementor-section elementor-inner-section elementor-element elementor-element-3255db48 elementor-section-full_width elementor-section-content-middle elementor-hidden-tablet elementor-hidden-mobile elementor-section-height-default elementor-section-height-default\" data-id=\"3255db48\" data-element_type=\"section\" data-e-type=\"section\" data-settings=\"{&quot;background_background&quot;:&quot;classic&quot;,&quot;sticky&quot;:&quot;top&quot;,&quot;sticky_on&quot;:[&quot;widescreen&quot;,&quot;desktop&quot;,&quot;tablet&quot;,&quot;mobile&quot;],&quot;sticky_offset&quot;:0,&quot;sticky_effects_offset&quot;:0,&quot;sticky_anchor_link_offset&quot;:0}\">\n\t\t\t\t\t\t<div class=\"elementor-container elementor-column-gap-default\">\n\t\t\t\t\t<div class=\"elementor-column elementor-col-14 elementor-inner-column elementor-element elementor-element-4e1e79fc\" data-id=\"4e1e79fc\" data-element_type=\"column\" data-e-type=\"column\">\n\t\t\t<div class=\"elementor-widget-wrap elementor-element-populated\">\n\t\t\t\t\t\t<div class=\"elementor-element elementor-element-4e37af4d elementor-align-start elementor-icon-list--layout-traditional elementor-list-item-link-full_width elementor-widget elementor-widget-icon-list\" data-id=\"4e37af4d\" data-element_type=\"widget\" data-e-type=\"widget\" data-widget_type=\"icon-list.default\">\n\t\t\t\t<div class=\"elementor-widget-container\">\n\t\t\t\t\t\t\t<ul class=\"elementor-icon-list-items\">\n\t\t\t\t\t\t\t<li class=\"elementor-icon-list-item\">\n\t\t\t\t\t\t\t\t\t\t\t<a href=\"#productos\">\n\n\t\t\t\t\t\t\t\t\t\t\t\t<span class=\"elementor-icon-list-icon\">\n\t\t\t\t\t\t\t<i aria-hidden=\"true\" class=\"fas fa-check\"><\/i>\t\t\t\t\t\t<\/span>\n\t\t\t\t\t\t\t\t\t\t<span class=\"elementor-icon-list-text\">Productos<\/span>\n\t\t\t\t\t\t\t\t\t\t\t<\/a>\n\t\t\t\t\t\t\t\t\t<\/li>\n\t\t\t\t\t\t<\/ul>\n\t\t\t\t\t\t<\/div>\n\t\t\t\t<\/div>\n\t\t\t\t\t<\/div>\n\t\t<\/div>\n\t\t\t\t<div class=\"elementor-column elementor-col-14 elementor-inner-column elementor-element elementor-element-79cd7de3\" data-id=\"79cd7de3\" data-element_type=\"column\" data-e-type=\"column\">\n\t\t\t<div class=\"elementor-widget-wrap elementor-element-populated\">\n\t\t\t\t\t\t<div class=\"elementor-element elementor-element-dccf848 elementor-align-start elementor-icon-list--layout-traditional elementor-list-item-link-full_width elementor-widget elementor-widget-icon-list\" data-id=\"dccf848\" data-element_type=\"widget\" data-e-type=\"widget\" data-widget_type=\"icon-list.default\">\n\t\t\t\t<div class=\"elementor-widget-container\">\n\t\t\t\t\t\t\t<ul class=\"elementor-icon-list-items\">\n\t\t\t\t\t\t\t<li class=\"elementor-icon-list-item\">\n\t\t\t\t\t\t\t\t\t\t\t<a href=\"#eficiencia\">\n\n\t\t\t\t\t\t\t\t\t\t\t\t<span class=\"elementor-icon-list-icon\">\n\t\t\t\t\t\t\t<i aria-hidden=\"true\" class=\"fas fa-check\"><\/i>\t\t\t\t\t\t<\/span>\n\t\t\t\t\t\t\t\t\t\t<span class=\"elementor-icon-list-text\">Eficiencia<\/span>\n\t\t\t\t\t\t\t\t\t\t\t<\/a>\n\t\t\t\t\t\t\t\t\t<\/li>\n\t\t\t\t\t\t<\/ul>\n\t\t\t\t\t\t<\/div>\n\t\t\t\t<\/div>\n\t\t\t\t\t<\/div>\n\t\t<\/div>\n\t\t\t\t<div class=\"elementor-column elementor-col-14 elementor-inner-column elementor-element elementor-element-a44d5da\" data-id=\"a44d5da\" data-element_type=\"column\" data-e-type=\"column\">\n\t\t\t<div class=\"elementor-widget-wrap elementor-element-populated\">\n\t\t\t\t\t\t<div class=\"elementor-element elementor-element-063eb4d elementor-align-start elementor-icon-list--layout-traditional elementor-list-item-link-full_width elementor-widget elementor-widget-icon-list\" data-id=\"063eb4d\" data-element_type=\"widget\" data-e-type=\"widget\" data-widget_type=\"icon-list.default\">\n\t\t\t\t<div class=\"elementor-widget-container\">\n\t\t\t\t\t\t\t<ul class=\"elementor-icon-list-items\">\n\t\t\t\t\t\t\t<li class=\"elementor-icon-list-item\">\n\t\t\t\t\t\t\t\t\t\t\t<a href=\"#instalacion\">\n\n\t\t\t\t\t\t\t\t\t\t\t\t<span class=\"elementor-icon-list-icon\">\n\t\t\t\t\t\t\t<i aria-hidden=\"true\" class=\"fas fa-check\"><\/i>\t\t\t\t\t\t<\/span>\n\t\t\t\t\t\t\t\t\t\t<span class=\"elementor-icon-list-text\">Instalaci\u00f3n<\/span>\n\t\t\t\t\t\t\t\t\t\t\t<\/a>\n\t\t\t\t\t\t\t\t\t<\/li>\n\t\t\t\t\t\t<\/ul>\n\t\t\t\t\t\t<\/div>\n\t\t\t\t<\/div>\n\t\t\t\t\t<\/div>\n\t\t<\/div>\n\t\t\t\t<div class=\"elementor-column elementor-col-14 elementor-inner-column elementor-element elementor-element-758f72c1\" data-id=\"758f72c1\" data-element_type=\"column\" data-e-type=\"column\">\n\t\t\t<div class=\"elementor-widget-wrap elementor-element-populated\">\n\t\t\t\t\t\t<div class=\"elementor-element elementor-element-f901647 elementor-align-start elementor-icon-list--layout-traditional elementor-list-item-link-full_width elementor-widget elementor-widget-icon-list\" data-id=\"f901647\" data-element_type=\"widget\" data-e-type=\"widget\" data-widget_type=\"icon-list.default\">\n\t\t\t\t<div class=\"elementor-widget-container\">\n\t\t\t\t\t\t\t<ul class=\"elementor-icon-list-items\">\n\t\t\t\t\t\t\t<li class=\"elementor-icon-list-item\">\n\t\t\t\t\t\t\t\t\t\t\t<a href=\"#durabilidad\">\n\n\t\t\t\t\t\t\t\t\t\t\t\t<span class=\"elementor-icon-list-icon\">\n\t\t\t\t\t\t\t<i aria-hidden=\"true\" class=\"fas fa-check\"><\/i>\t\t\t\t\t\t<\/span>\n\t\t\t\t\t\t\t\t\t\t<span class=\"elementor-icon-list-text\">Durabilidad<\/span>\n\t\t\t\t\t\t\t\t\t\t\t<\/a>\n\t\t\t\t\t\t\t\t\t<\/li>\n\t\t\t\t\t\t<\/ul>\n\t\t\t\t\t\t<\/div>\n\t\t\t\t<\/div>\n\t\t\t\t\t<\/div>\n\t\t<\/div>\n\t\t\t\t<div class=\"elementor-column elementor-col-14 elementor-inner-column elementor-element elementor-element-6a106270\" data-id=\"6a106270\" data-element_type=\"column\" data-e-type=\"column\">\n\t\t\t<div class=\"elementor-widget-wrap elementor-element-populated\">\n\t\t\t\t\t\t<div class=\"elementor-element elementor-element-6ef803c elementor-align-start elementor-icon-list--layout-traditional elementor-list-item-link-full_width elementor-widget elementor-widget-icon-list\" data-id=\"6ef803c\" data-element_type=\"widget\" data-e-type=\"widget\" data-widget_type=\"icon-list.default\">\n\t\t\t\t<div class=\"elementor-widget-container\">\n\t\t\t\t\t\t\t<ul class=\"elementor-icon-list-items\">\n\t\t\t\t\t\t\t<li class=\"elementor-icon-list-item\">\n\t\t\t\t\t\t\t\t\t\t\t<a href=\"#confort\">\n\n\t\t\t\t\t\t\t\t\t\t\t\t<span class=\"elementor-icon-list-icon\">\n\t\t\t\t\t\t\t<i aria-hidden=\"true\" class=\"fas fa-check\"><\/i>\t\t\t\t\t\t<\/span>\n\t\t\t\t\t\t\t\t\t\t<span class=\"elementor-icon-list-text\">Confort<\/span>\n\t\t\t\t\t\t\t\t\t\t\t<\/a>\n\t\t\t\t\t\t\t\t\t<\/li>\n\t\t\t\t\t\t<\/ul>\n\t\t\t\t\t\t<\/div>\n\t\t\t\t<\/div>\n\t\t\t\t\t<\/div>\n\t\t<\/div>\n\t\t\t\t<div class=\"elementor-column elementor-col-14 elementor-inner-column elementor-element elementor-element-60bd7b1f\" data-id=\"60bd7b1f\" data-element_type=\"column\" data-e-type=\"column\">\n\t\t\t<div class=\"elementor-widget-wrap elementor-element-populated\">\n\t\t\t\t\t\t<div class=\"elementor-element elementor-element-266af14d elementor-align-start elementor-icon-list--layout-traditional elementor-list-item-link-full_width elementor-widget elementor-widget-icon-list\" data-id=\"266af14d\" data-element_type=\"widget\" data-e-type=\"widget\" data-widget_type=\"icon-list.default\">\n\t\t\t\t<div class=\"elementor-widget-container\">\n\t\t\t\t\t\t\t<ul class=\"elementor-icon-list-items\">\n\t\t\t\t\t\t\t<li class=\"elementor-icon-list-item\">\n\t\t\t\t\t\t\t\t\t\t\t<a href=\"#diseno\">\n\n\t\t\t\t\t\t\t\t\t\t\t\t<span class=\"elementor-icon-list-icon\">\n\t\t\t\t\t\t\t<i aria-hidden=\"true\" class=\"fas fa-check\"><\/i>\t\t\t\t\t\t<\/span>\n\t\t\t\t\t\t\t\t\t\t<span class=\"elementor-icon-list-text\">Dise\u00f1o<\/span>\n\t\t\t\t\t\t\t\t\t\t\t<\/a>\n\t\t\t\t\t\t\t\t\t<\/li>\n\t\t\t\t\t\t<\/ul>\n\t\t\t\t\t\t<\/div>\n\t\t\t\t<\/div>\n\t\t\t\t\t<\/div>\n\t\t<\/div>\n\t\t\t\t<div class=\"elementor-column elementor-col-14 elementor-inner-column elementor-element elementor-element-6546a20b\" data-id=\"6546a20b\" data-element_type=\"column\" data-e-type=\"column\">\n\t\t\t<div class=\"elementor-widget-wrap elementor-element-populated\">\n\t\t\t\t\t\t<div class=\"elementor-element elementor-element-42f1296f elementor-align-start elementor-icon-list--layout-traditional elementor-list-item-link-full_width elementor-widget elementor-widget-icon-list\" data-id=\"42f1296f\" data-element_type=\"widget\" data-e-type=\"widget\" data-widget_type=\"icon-list.default\">\n\t\t\t\t<div class=\"elementor-widget-container\">\n\t\t\t\t\t\t\t<ul class=\"elementor-icon-list-items\">\n\t\t\t\t\t\t\t<li class=\"elementor-icon-list-item\">\n\t\t\t\t\t\t\t\t\t\t\t<a href=\"#casapasiva\">\n\n\t\t\t\t\t\t\t\t\t\t\t\t<span class=\"elementor-icon-list-icon\">\n\t\t\t\t\t\t\t<i aria-hidden=\"true\" class=\"fas fa-check\"><\/i>\t\t\t\t\t\t<\/span>\n\t\t\t\t\t\t\t\t\t\t<span class=\"elementor-icon-list-text\">Casa Pasiva<\/span>\n\t\t\t\t\t\t\t\t\t\t\t<\/a>\n\t\t\t\t\t\t\t\t\t<\/li>\n\t\t\t\t\t\t<\/ul>\n\t\t\t\t\t\t<\/div>\n\t\t\t\t<\/div>\n\t\t\t\t\t<\/div>\n\t\t<\/div>\n\t\t\t\t\t<\/div>\n\t\t<\/section>\n\t\t\t\t<div class=\"elementor-element elementor-element-40f34202 elementor-widget elementor-widget-text-editor\" data-id=\"40f34202\" data-element_type=\"widget\" data-e-type=\"widget\" data-widget_type=\"text-editor.default\">\n\t\t\t\t<div class=\"elementor-widget-container\">\n\t\t\t\t\t\t\t\t\t<p>La eficiencia energ\u00e9tica y el rendimiento superior est\u00e1n integrados en todas las ventanas y puertas de perfiler\u00eda alemana REHAU<\/p>\t\t\t\t\t\t\t\t<\/div>\n\t\t\t\t<\/div>\n\t\t\t\t<div class=\"elementor-element elementor-element-22b53da6 elementor-widget elementor-widget-text-editor\" data-id=\"22b53da6\" data-element_type=\"widget\" data-e-type=\"widget\" data-widget_type=\"text-editor.default\">\n\t\t\t\t<div class=\"elementor-widget-container\">\n\t\t\t\t\t\t\t\t\tClaramente, usted es diferente. \u00bfC\u00f3mo lo sabemos? Porque est\u00e1 considerando seriamente las ventanas de perfiler\u00eda alemana REHAU para proyectos multifamiliares o comerciales, para nuevas construcciones o renovaciones. Y eso lo diferencia de la gente que no est\u00e1 bien informada y tiene ideas como: \u00abEl PVC no es duradero\u00bb, \u00abEl PVC se desvanece y no ofrece opciones de color o estilo de alta gama\u00bb o \u00abEl PVC no es ecol\u00f3gico\u00bb.\n<br> <br>\nM\u00e1s bien, creemos que est\u00e1 aqu\u00ed porque es un inversor inteligente, director de proyecto, contratista general, constructor o arquitecto que ve el aumento del PVC en proyectos multifamiliares y comerciales en todo M\u00e9xico y Centroam\u00e9rica.\t\t\t\t\t\t\t\t<\/div>\n\t\t\t\t<\/div>\n\t\t\t\t<div class=\"elementor-element elementor-element-cf2ebe2 elementor-widget elementor-widget-text-editor\" data-id=\"cf2ebe2\" data-element_type=\"widget\" data-e-type=\"widget\" id=\"productos\" data-widget_type=\"text-editor.default\">\n\t\t\t\t<div class=\"elementor-widget-container\">\n\t\t\t\t\t\t\t\t\tProductos\t\t\t\t\t\t\t\t<\/div>\n\t\t\t\t<\/div>\n\t\t\t\t<section class=\"elementor-section elementor-inner-section elementor-element elementor-element-86a99c9 elementor-section-boxed elementor-section-height-default elementor-section-height-default\" data-id=\"86a99c9\" data-element_type=\"section\" data-e-type=\"section\">\n\t\t\t\t\t\t<div class=\"elementor-container elementor-column-gap-default\">\n\t\t\t\t\t<div class=\"elementor-column elementor-col-14 elementor-inner-column elementor-element elementor-element-712511e\" data-id=\"712511e\" data-element_type=\"column\" data-e-type=\"column\">\n\t\t\t<div class=\"elementor-widget-wrap elementor-element-populated\">\n\t\t\t\t\t\t<div class=\"elementor-element elementor-element-e335fe2 elementor-cta--valign-middle elementor-cta--skin-classic elementor-animated-content elementor-bg-transform elementor-bg-transform-zoom-in elementor-widget elementor-widget-call-to-action\" data-id=\"e335fe2\" data-element_type=\"widget\" data-e-type=\"widget\" data-widget_type=\"call-to-action.default\">\n\t\t\t\t<div class=\"elementor-widget-container\">\n\t\t\t\t\t\t\t<a class=\"elementor-cta\" href=\"https:\/\/omtrek.com.mx\/productos\/puertas-y-ventanas\/linea-pvc\/ventanas-corredizas\/\">\n\t\t\t\t\t<div class=\"elementor-cta__bg-wrapper\">\n\t\t\t\t<div class=\"elementor-cta__bg elementor-bg\" style=\"background-image: url(https:\/\/omtrek.com.mx\/wp-content\/uploads\/ventanas_corredizas_omtrek.jpg);\" role=\"img\" aria-label=\"ventanas_corredizas_omtrek\"><\/div>\n\t\t\t\t<div class=\"elementor-cta__bg-overlay\"><\/div>\n\t\t\t<\/div>\n\t\t\t\t\t\t\t\t<\/a>\n\t\t\t\t\t\t<\/div>\n\t\t\t\t<\/div>\n\t\t\t\t<div class=\"elementor-element elementor-element-60d141e elementor-widget elementor-widget-heading\" data-id=\"60d141e\" data-element_type=\"widget\" data-e-type=\"widget\" data-widget_type=\"heading.default\">\n\t\t\t\t<div class=\"elementor-widget-container\">\n\t\t\t\t\t<h2 class=\"elementor-heading-title elementor-size-default\"><a href=\"https:\/\/omtrek.com.mx\/productos\/puertas-y-ventanas\/linea-pvc\/ventanas-corredizas\/\">Ventanas <br> corredizas<\/a><\/h2>\t\t\t\t<\/div>\n\t\t\t\t<\/div>\n\t\t\t\t\t<\/div>\n\t\t<\/div>\n\t\t\t\t<div class=\"elementor-column elementor-col-14 elementor-inner-column elementor-element elementor-element-94e2702\" data-id=\"94e2702\" data-element_type=\"column\" data-e-type=\"column\">\n\t\t\t<div class=\"elementor-widget-wrap\">\n\t\t\t\t\t\t\t<\/div>\n\t\t<\/div>\n\t\t\t\t<div class=\"elementor-column elementor-col-14 elementor-inner-column elementor-element elementor-element-63cb912\" data-id=\"63cb912\" data-element_type=\"column\" data-e-type=\"column\" data-settings=\"{&quot;background_background&quot;:&quot;classic&quot;}\">\n\t\t\t<div class=\"elementor-widget-wrap elementor-element-populated\">\n\t\t\t\t\t\t<div class=\"elementor-element elementor-element-737c9f0 elementor-cta--valign-middle elementor-cta--skin-classic elementor-animated-content elementor-bg-transform elementor-bg-transform-zoom-in elementor-widget elementor-widget-call-to-action\" data-id=\"737c9f0\" data-element_type=\"widget\" data-e-type=\"widget\" data-widget_type=\"call-to-action.default\">\n\t\t\t\t<div class=\"elementor-widget-container\">\n\t\t\t\t\t\t\t<a class=\"elementor-cta\" href=\"https:\/\/omtrek.com.mx\/productos\/puertas-y-ventanas\/linea-pvc\/ventanas-abatibles\/\">\n\t\t\t\t\t<div class=\"elementor-cta__bg-wrapper\">\n\t\t\t\t<div class=\"elementor-cta__bg elementor-bg\" style=\"background-image: url(https:\/\/omtrek.com.mx\/wp-content\/uploads\/ventanas_abatibles_omtrek.jpg);\" role=\"img\" aria-label=\"ventanas_abatibles_omtrek\"><\/div>\n\t\t\t\t<div class=\"elementor-cta__bg-overlay\"><\/div>\n\t\t\t<\/div>\n\t\t\t\t\t\t\t\t<\/a>\n\t\t\t\t\t\t<\/div>\n\t\t\t\t<\/div>\n\t\t\t\t<div class=\"elementor-element elementor-element-7e0ed2d elementor-widget elementor-widget-heading\" data-id=\"7e0ed2d\" data-element_type=\"widget\" data-e-type=\"widget\" data-widget_type=\"heading.default\">\n\t\t\t\t<div class=\"elementor-widget-container\">\n\t\t\t\t\t<h2 class=\"elementor-heading-title elementor-size-default\"><a href=\"https:\/\/omtrek.com.mx\/productos\/puertas-y-ventanas\/linea-pvc\/ventanas-abatibles\/\">Ventanas <br> abatibles<\/a><\/h2>\t\t\t\t<\/div>\n\t\t\t\t<\/div>\n\t\t\t\t\t<\/div>\n\t\t<\/div>\n\t\t\t\t<div class=\"elementor-column elementor-col-14 elementor-inner-column elementor-element elementor-element-6ae1dcc\" data-id=\"6ae1dcc\" data-element_type=\"column\" data-e-type=\"column\">\n\t\t\t<div class=\"elementor-widget-wrap\">\n\t\t\t\t\t\t\t<\/div>\n\t\t<\/div>\n\t\t\t\t<div class=\"elementor-column elementor-col-14 elementor-inner-column elementor-element elementor-element-8ae5a33\" data-id=\"8ae5a33\" data-element_type=\"column\" data-e-type=\"column\">\n\t\t\t<div class=\"elementor-widget-wrap elementor-element-populated\">\n\t\t\t\t\t\t<div class=\"elementor-element elementor-element-340ebfa elementor-cta--valign-middle elementor-cta--skin-classic elementor-animated-content elementor-bg-transform elementor-bg-transform-zoom-in elementor-widget elementor-widget-call-to-action\" data-id=\"340ebfa\" data-element_type=\"widget\" data-e-type=\"widget\" data-widget_type=\"call-to-action.default\">\n\t\t\t\t<div class=\"elementor-widget-container\">\n\t\t\t\t\t\t\t<a class=\"elementor-cta\" href=\"https:\/\/omtrek.com.mx\/productos\/puertas-y-ventanas\/linea-pvc\/ventanas-oscilobatientes-y-oscilantes\/\">\n\t\t\t\t\t<div class=\"elementor-cta__bg-wrapper\">\n\t\t\t\t<div class=\"elementor-cta__bg elementor-bg\" style=\"background-image: url(https:\/\/omtrek.com.mx\/wp-content\/uploads\/oscilo_omtrek.jpg);\" role=\"img\" aria-label=\"oscilo_omtrek\"><\/div>\n\t\t\t\t<div class=\"elementor-cta__bg-overlay\"><\/div>\n\t\t\t<\/div>\n\t\t\t\t\t\t\t\t<\/a>\n\t\t\t\t\t\t<\/div>\n\t\t\t\t<\/div>\n\t\t\t\t<div class=\"elementor-element elementor-element-ba04f80 elementor-widget elementor-widget-heading\" data-id=\"ba04f80\" data-element_type=\"widget\" data-e-type=\"widget\" data-widget_type=\"heading.default\">\n\t\t\t\t<div class=\"elementor-widget-container\">\n\t\t\t\t\t<h2 class=\"elementor-heading-title elementor-size-default\"><a href=\"https:\/\/omtrek.com.mx\/productos\/puertas-y-ventanas\/linea-pvc\/ventanas-oscilobatientes-y-oscilantes\/\">Ventanas oscilobatientes <br> y oscilantes<\/a><\/h2>\t\t\t\t<\/div>\n\t\t\t\t<\/div>\n\t\t\t\t\t<\/div>\n\t\t<\/div>\n\t\t\t\t<div class=\"elementor-column elementor-col-14 elementor-inner-column elementor-element elementor-element-cdadb68\" data-id=\"cdadb68\" data-element_type=\"column\" data-e-type=\"column\">\n\t\t\t<div class=\"elementor-widget-wrap\">\n\t\t\t\t\t\t\t<\/div>\n\t\t<\/div>\n\t\t\t\t<div class=\"elementor-column elementor-col-14 elementor-inner-column elementor-element elementor-element-7779940\" data-id=\"7779940\" data-element_type=\"column\" data-e-type=\"column\">\n\t\t\t<div class=\"elementor-widget-wrap elementor-element-populated\">\n\t\t\t\t\t\t<div class=\"elementor-element elementor-element-915da65 elementor-cta--valign-middle elementor-cta--skin-classic elementor-animated-content elementor-bg-transform elementor-bg-transform-zoom-in elementor-widget elementor-widget-call-to-action\" data-id=\"915da65\" data-element_type=\"widget\" data-e-type=\"widget\" data-widget_type=\"call-to-action.default\">\n\t\t\t\t<div class=\"elementor-widget-container\">\n\t\t\t\t\t\t\t<a class=\"elementor-cta\" href=\"https:\/\/omtrek.com.mx\/productos\/puertas-y-ventanas\/linea-pvc\/ventanas-proyectantes\/\">\n\t\t\t\t\t<div class=\"elementor-cta__bg-wrapper\">\n\t\t\t\t<div class=\"elementor-cta__bg elementor-bg\" style=\"background-image: url(https:\/\/omtrek.com.mx\/wp-content\/uploads\/ventanas_proyectantes_omtrek.jpg);\" role=\"img\" aria-label=\"ventanas_proyectantes_omtrek\"><\/div>\n\t\t\t\t<div class=\"elementor-cta__bg-overlay\"><\/div>\n\t\t\t<\/div>\n\t\t\t\t\t\t\t\t<\/a>\n\t\t\t\t\t\t<\/div>\n\t\t\t\t<\/div>\n\t\t\t\t<div class=\"elementor-element elementor-element-4cfcd55 elementor-widget elementor-widget-heading\" data-id=\"4cfcd55\" data-element_type=\"widget\" data-e-type=\"widget\" data-widget_type=\"heading.default\">\n\t\t\t\t<div class=\"elementor-widget-container\">\n\t\t\t\t\t<h2 class=\"elementor-heading-title elementor-size-default\"><a href=\"https:\/\/omtrek.com.mx\/productos\/puertas-y-ventanas\/linea-pvc\/ventanas-proyectantes\/\">Ventanas <br> proyectantes<\/a><\/h2>\t\t\t\t<\/div>\n\t\t\t\t<\/div>\n\t\t\t\t\t<\/div>\n\t\t<\/div>\n\t\t\t\t\t<\/div>\n\t\t<\/section>\n\t\t\t\t<section class=\"elementor-section elementor-inner-section elementor-element elementor-element-66f772d elementor-section-boxed elementor-section-height-default elementor-section-height-default\" data-id=\"66f772d\" data-element_type=\"section\" data-e-type=\"section\">\n\t\t\t\t\t\t<div class=\"elementor-container elementor-column-gap-default\">\n\t\t\t\t\t<div class=\"elementor-column elementor-col-14 elementor-inner-column elementor-element elementor-element-8531f04\" data-id=\"8531f04\" data-element_type=\"column\" data-e-type=\"column\">\n\t\t\t<div class=\"elementor-widget-wrap elementor-element-populated\">\n\t\t\t\t\t\t<div class=\"elementor-element elementor-element-1aa02ff elementor-cta--valign-middle elementor-cta--skin-classic elementor-animated-content elementor-bg-transform elementor-bg-transform-zoom-in elementor-widget elementor-widget-call-to-action\" data-id=\"1aa02ff\" data-element_type=\"widget\" data-e-type=\"widget\" data-widget_type=\"call-to-action.default\">\n\t\t\t\t<div class=\"elementor-widget-container\">\n\t\t\t\t\t\t\t<a class=\"elementor-cta\" href=\"https:\/\/omtrek.com.mx\/productos\/puertas-y-ventanas\/linea-pvc\/ventanas-fijas\/\">\n\t\t\t\t\t<div class=\"elementor-cta__bg-wrapper\">\n\t\t\t\t<div class=\"elementor-cta__bg elementor-bg\" style=\"background-image: url(https:\/\/omtrek.com.mx\/wp-content\/uploads\/ventanas_fijas_omtrek.jpg);\" role=\"img\" aria-label=\"ventanas_fijas_omtrek\"><\/div>\n\t\t\t\t<div class=\"elementor-cta__bg-overlay\"><\/div>\n\t\t\t<\/div>\n\t\t\t\t\t\t\t\t<\/a>\n\t\t\t\t\t\t<\/div>\n\t\t\t\t<\/div>\n\t\t\t\t<div class=\"elementor-element elementor-element-76252bd elementor-widget elementor-widget-heading\" data-id=\"76252bd\" data-element_type=\"widget\" data-e-type=\"widget\" data-widget_type=\"heading.default\">\n\t\t\t\t<div class=\"elementor-widget-container\">\n\t\t\t\t\t<h2 class=\"elementor-heading-title elementor-size-default\"><a href=\"https:\/\/omtrek.com.mx\/productos\/puertas-y-ventanas\/linea-pvc\/ventanas-fijas\/\">Ventanas <br> fijas<\/a><\/h2>\t\t\t\t<\/div>\n\t\t\t\t<\/div>\n\t\t\t\t\t<\/div>\n\t\t<\/div>\n\t\t\t\t<div class=\"elementor-column elementor-col-14 elementor-inner-column elementor-element elementor-element-baf1efa\" data-id=\"baf1efa\" data-element_type=\"column\" data-e-type=\"column\">\n\t\t\t<div class=\"elementor-widget-wrap\">\n\t\t\t\t\t\t\t<\/div>\n\t\t<\/div>\n\t\t\t\t<div class=\"elementor-column elementor-col-14 elementor-inner-column elementor-element elementor-element-7f60776\" data-id=\"7f60776\" data-element_type=\"column\" data-e-type=\"column\" data-settings=\"{&quot;background_background&quot;:&quot;classic&quot;}\">\n\t\t\t<div class=\"elementor-widget-wrap elementor-element-populated\">\n\t\t\t\t\t\t<div class=\"elementor-element elementor-element-6e393b5 elementor-cta--valign-middle elementor-cta--skin-classic elementor-animated-content elementor-bg-transform elementor-bg-transform-zoom-in elementor-widget elementor-widget-call-to-action\" data-id=\"6e393b5\" data-element_type=\"widget\" data-e-type=\"widget\" data-widget_type=\"call-to-action.default\">\n\t\t\t\t<div class=\"elementor-widget-container\">\n\t\t\t\t\t\t\t<a class=\"elementor-cta\" href=\"https:\/\/omtrek.com.mx\/productos\/puertas-y-ventanas\/linea-pvc\/puertas-abatibles-francesas\/\">\n\t\t\t\t\t<div class=\"elementor-cta__bg-wrapper\">\n\t\t\t\t<div class=\"elementor-cta__bg elementor-bg\" style=\"background-image: url(https:\/\/omtrek.com.mx\/wp-content\/uploads\/puertas_abatibles_francesas_omtrek.jpg);\" role=\"img\" aria-label=\"puertas_abatibles_francesas_omtrek\"><\/div>\n\t\t\t\t<div class=\"elementor-cta__bg-overlay\"><\/div>\n\t\t\t<\/div>\n\t\t\t\t\t\t\t\t<\/a>\n\t\t\t\t\t\t<\/div>\n\t\t\t\t<\/div>\n\t\t\t\t<div class=\"elementor-element elementor-element-0eda963 elementor-widget elementor-widget-heading\" data-id=\"0eda963\" data-element_type=\"widget\" data-e-type=\"widget\" data-widget_type=\"heading.default\">\n\t\t\t\t<div class=\"elementor-widget-container\">\n\t\t\t\t\t<h2 class=\"elementor-heading-title elementor-size-default\"><a href=\"https:\/\/omtrek.com.mx\/productos\/puertas-y-ventanas\/linea-pvc\/puertas-abatibles-francesas\/\">Puertas abatibles \/ francesas<\/a><\/h2>\t\t\t\t<\/div>\n\t\t\t\t<\/div>\n\t\t\t\t\t<\/div>\n\t\t<\/div>\n\t\t\t\t<div class=\"elementor-column elementor-col-14 elementor-inner-column elementor-element elementor-element-32369aa\" data-id=\"32369aa\" data-element_type=\"column\" data-e-type=\"column\">\n\t\t\t<div class=\"elementor-widget-wrap\">\n\t\t\t\t\t\t\t<\/div>\n\t\t<\/div>\n\t\t\t\t<div class=\"elementor-column elementor-col-14 elementor-inner-column elementor-element elementor-element-60466cb\" data-id=\"60466cb\" data-element_type=\"column\" data-e-type=\"column\">\n\t\t\t<div class=\"elementor-widget-wrap elementor-element-populated\">\n\t\t\t\t\t\t<div class=\"elementor-element elementor-element-64c7e46 elementor-cta--valign-middle elementor-cta--skin-classic elementor-animated-content elementor-bg-transform elementor-bg-transform-zoom-in elementor-widget elementor-widget-call-to-action\" data-id=\"64c7e46\" data-element_type=\"widget\" data-e-type=\"widget\" data-widget_type=\"call-to-action.default\">\n\t\t\t\t<div class=\"elementor-widget-container\">\n\t\t\t\t\t\t\t<a class=\"elementor-cta\" href=\"https:\/\/omtrek.com.mx\/productos\/puertas-y-ventanas\/linea-pvc\/puertas-osciloparalelas\/\">\n\t\t\t\t\t<div class=\"elementor-cta__bg-wrapper\">\n\t\t\t\t<div class=\"elementor-cta__bg elementor-bg\" style=\"background-image: url(https:\/\/omtrek.com.mx\/wp-content\/uploads\/osciloparalelas_omtrek.jpg);\" role=\"img\" aria-label=\"osciloparalelas_omtrek\"><\/div>\n\t\t\t\t<div class=\"elementor-cta__bg-overlay\"><\/div>\n\t\t\t<\/div>\n\t\t\t\t\t\t\t\t<\/a>\n\t\t\t\t\t\t<\/div>\n\t\t\t\t<\/div>\n\t\t\t\t<div class=\"elementor-element elementor-element-393f507 elementor-widget elementor-widget-heading\" data-id=\"393f507\" data-element_type=\"widget\" data-e-type=\"widget\" data-widget_type=\"heading.default\">\n\t\t\t\t<div class=\"elementor-widget-container\">\n\t\t\t\t\t<h2 class=\"elementor-heading-title elementor-size-default\"><a href=\"https:\/\/omtrek.com.mx\/productos\/puertas-y-ventanas\/linea-pvc\/puertas-osciloparalelas\/\">Puertas osciloparalelas<\/a><\/h2>\t\t\t\t<\/div>\n\t\t\t\t<\/div>\n\t\t\t\t\t<\/div>\n\t\t<\/div>\n\t\t\t\t<div class=\"elementor-column elementor-col-14 elementor-inner-column elementor-element elementor-element-79c5e84\" data-id=\"79c5e84\" data-element_type=\"column\" data-e-type=\"column\">\n\t\t\t<div class=\"elementor-widget-wrap\">\n\t\t\t\t\t\t\t<\/div>\n\t\t<\/div>\n\t\t\t\t<div class=\"elementor-column elementor-col-14 elementor-inner-column elementor-element elementor-element-c64c590\" data-id=\"c64c590\" data-element_type=\"column\" data-e-type=\"column\">\n\t\t\t<div class=\"elementor-widget-wrap elementor-element-populated\">\n\t\t\t\t\t\t<div class=\"elementor-element elementor-element-819dba7 elementor-cta--valign-middle elementor-cta--skin-classic elementor-animated-content elementor-bg-transform elementor-bg-transform-zoom-in elementor-widget elementor-widget-call-to-action\" data-id=\"819dba7\" data-element_type=\"widget\" data-e-type=\"widget\" data-widget_type=\"call-to-action.default\">\n\t\t\t\t<div class=\"elementor-widget-container\">\n\t\t\t\t\t\t\t<a class=\"elementor-cta\" href=\"https:\/\/omtrek.com.mx\/productos\/puertas-y-ventanas\/linea-pvc\/puertas-plegables\/\">\n\t\t\t\t\t<div class=\"elementor-cta__bg-wrapper\">\n\t\t\t\t<div class=\"elementor-cta__bg elementor-bg\" style=\"background-image: url(https:\/\/omtrek.com.mx\/wp-content\/uploads\/puertas_plegables_omtrek.jpg);\" role=\"img\" aria-label=\"puertas_plegables_omtrek\"><\/div>\n\t\t\t\t<div class=\"elementor-cta__bg-overlay\"><\/div>\n\t\t\t<\/div>\n\t\t\t\t\t\t\t\t<\/a>\n\t\t\t\t\t\t<\/div>\n\t\t\t\t<\/div>\n\t\t\t\t<div class=\"elementor-element elementor-element-4c374c1 elementor-widget elementor-widget-heading\" data-id=\"4c374c1\" data-element_type=\"widget\" data-e-type=\"widget\" data-widget_type=\"heading.default\">\n\t\t\t\t<div class=\"elementor-widget-container\">\n\t\t\t\t\t<h2 class=\"elementor-heading-title elementor-size-default\"><a href=\"https:\/\/omtrek.com.mx\/productos\/puertas-y-ventanas\/linea-pvc\/puertas-plegables\/\">Puertas plegables<\/a><\/h2>\t\t\t\t<\/div>\n\t\t\t\t<\/div>\n\t\t\t\t\t<\/div>\n\t\t<\/div>\n\t\t\t\t\t<\/div>\n\t\t<\/section>\n\t\t\t\t<section class=\"elementor-section elementor-inner-section elementor-element elementor-element-5e76e0a elementor-section-boxed elementor-section-height-default elementor-section-height-default\" data-id=\"5e76e0a\" data-element_type=\"section\" data-e-type=\"section\">\n\t\t\t\t\t\t<div class=\"elementor-container elementor-column-gap-default\">\n\t\t\t\t\t<div class=\"elementor-column elementor-col-14 elementor-inner-column elementor-element elementor-element-d286350\" data-id=\"d286350\" data-element_type=\"column\" data-e-type=\"column\">\n\t\t\t<div class=\"elementor-widget-wrap elementor-element-populated\">\n\t\t\t\t\t\t<div class=\"elementor-element elementor-element-3247ad7 elementor-cta--valign-middle elementor-cta--skin-classic elementor-animated-content elementor-bg-transform elementor-bg-transform-zoom-in elementor-widget elementor-widget-call-to-action\" data-id=\"3247ad7\" data-element_type=\"widget\" data-e-type=\"widget\" data-widget_type=\"call-to-action.default\">\n\t\t\t\t<div class=\"elementor-widget-container\">\n\t\t\t\t\t\t\t<a class=\"elementor-cta\" href=\"https:\/\/omtrek.com.mx\/productos\/puertas-y-ventanas\/linea-pvc\/puertas-abatibles-corredizas\/\">\n\t\t\t\t\t<div class=\"elementor-cta__bg-wrapper\">\n\t\t\t\t<div class=\"elementor-cta__bg elementor-bg\" style=\"background-image: url(https:\/\/omtrek.com.mx\/wp-content\/uploads\/abatibles_corredizas_omtrek.jpg);\" role=\"img\" aria-label=\"abatibles_corredizas_omtrek\"><\/div>\n\t\t\t\t<div class=\"elementor-cta__bg-overlay\"><\/div>\n\t\t\t<\/div>\n\t\t\t\t\t\t\t\t<\/a>\n\t\t\t\t\t\t<\/div>\n\t\t\t\t<\/div>\n\t\t\t\t<div class=\"elementor-element elementor-element-897fc8d elementor-widget elementor-widget-heading\" data-id=\"897fc8d\" data-element_type=\"widget\" data-e-type=\"widget\" data-widget_type=\"heading.default\">\n\t\t\t\t<div class=\"elementor-widget-container\">\n\t\t\t\t\t<h2 class=\"elementor-heading-title elementor-size-default\"><a href=\"https:\/\/omtrek.com.mx\/productos\/puertas-y-ventanas\/linea-pvc\/puertas-abatibles-corredizas\/\">Puertas abatibles <br> corredizas<\/a><\/h2>\t\t\t\t<\/div>\n\t\t\t\t<\/div>\n\t\t\t\t\t<\/div>\n\t\t<\/div>\n\t\t\t\t<div class=\"elementor-column elementor-col-14 elementor-inner-column elementor-element elementor-element-1853db4\" data-id=\"1853db4\" data-element_type=\"column\" data-e-type=\"column\">\n\t\t\t<div class=\"elementor-widget-wrap\">\n\t\t\t\t\t\t\t<\/div>\n\t\t<\/div>\n\t\t\t\t<div class=\"elementor-column elementor-col-14 elementor-inner-column elementor-element elementor-element-deab629\" data-id=\"deab629\" data-element_type=\"column\" data-e-type=\"column\" data-settings=\"{&quot;background_background&quot;:&quot;classic&quot;}\">\n\t\t\t<div class=\"elementor-widget-wrap elementor-element-populated\">\n\t\t\t\t\t\t<div class=\"elementor-element elementor-element-83cec88 elementor-cta--valign-middle elementor-cta--skin-classic elementor-animated-content elementor-bg-transform elementor-bg-transform-zoom-in elementor-widget elementor-widget-call-to-action\" data-id=\"83cec88\" data-element_type=\"widget\" data-e-type=\"widget\" data-widget_type=\"call-to-action.default\">\n\t\t\t\t<div class=\"elementor-widget-container\">\n\t\t\t\t\t\t\t<a class=\"elementor-cta\" href=\"https:\/\/omtrek.com.mx\/productos\/puertas-y-ventanas\/linea-pvc\/puertas-corredizas\/\">\n\t\t\t\t\t<div class=\"elementor-cta__bg-wrapper\">\n\t\t\t\t<div class=\"elementor-cta__bg elementor-bg\" style=\"background-image: url(https:\/\/omtrek.com.mx\/wp-content\/uploads\/corredizas_omtrek.jpg);\" role=\"img\" aria-label=\"corredizas_omtrek\"><\/div>\n\t\t\t\t<div class=\"elementor-cta__bg-overlay\"><\/div>\n\t\t\t<\/div>\n\t\t\t\t\t\t\t\t<\/a>\n\t\t\t\t\t\t<\/div>\n\t\t\t\t<\/div>\n\t\t\t\t<div class=\"elementor-element elementor-element-bd6917c elementor-widget elementor-widget-heading\" data-id=\"bd6917c\" data-element_type=\"widget\" data-e-type=\"widget\" data-widget_type=\"heading.default\">\n\t\t\t\t<div class=\"elementor-widget-container\">\n\t\t\t\t\t<h2 class=\"elementor-heading-title elementor-size-default\"><a href=\"https:\/\/omtrek.com.mx\/productos\/puertas-y-ventanas\/linea-pvc\/puertas-corredizas\/\">Puertas corredizas<\/a><\/h2>\t\t\t\t<\/div>\n\t\t\t\t<\/div>\n\t\t\t\t\t<\/div>\n\t\t<\/div>\n\t\t\t\t<div class=\"elementor-column elementor-col-14 elementor-inner-column elementor-element elementor-element-2fb62e2\" data-id=\"2fb62e2\" data-element_type=\"column\" data-e-type=\"column\">\n\t\t\t<div class=\"elementor-widget-wrap\">\n\t\t\t\t\t\t\t<\/div>\n\t\t<\/div>\n\t\t\t\t<div class=\"elementor-column elementor-col-14 elementor-inner-column elementor-element elementor-element-57ffa98\" data-id=\"57ffa98\" data-element_type=\"column\" data-e-type=\"column\">\n\t\t\t<div class=\"elementor-widget-wrap elementor-element-populated\">\n\t\t\t\t\t\t<div class=\"elementor-element elementor-element-88259fe elementor-cta--valign-middle elementor-cta--skin-classic elementor-animated-content elementor-bg-transform elementor-bg-transform-zoom-in elementor-widget elementor-widget-call-to-action\" data-id=\"88259fe\" data-element_type=\"widget\" data-e-type=\"widget\" data-widget_type=\"call-to-action.default\">\n\t\t\t\t<div class=\"elementor-widget-container\">\n\t\t\t\t\t\t\t<a class=\"elementor-cta\" href=\"https:\/\/omtrek.com.mx\/productos\/puertas-y-ventanas\/linea-pvc\/puertas-corredizas-elevables\/\">\n\t\t\t\t\t<div class=\"elementor-cta__bg-wrapper\">\n\t\t\t\t<div class=\"elementor-cta__bg elementor-bg\" style=\"background-image: url(https:\/\/omtrek.com.mx\/wp-content\/uploads\/corredizas_elevables_omtrek.jpg);\" role=\"img\" aria-label=\"corredizas_elevables_omtrek\"><\/div>\n\t\t\t\t<div class=\"elementor-cta__bg-overlay\"><\/div>\n\t\t\t<\/div>\n\t\t\t\t\t\t\t\t<\/a>\n\t\t\t\t\t\t<\/div>\n\t\t\t\t<\/div>\n\t\t\t\t<div class=\"elementor-element elementor-element-fe5b7e4 elementor-widget elementor-widget-heading\" data-id=\"fe5b7e4\" data-element_type=\"widget\" data-e-type=\"widget\" data-widget_type=\"heading.default\">\n\t\t\t\t<div class=\"elementor-widget-container\">\n\t\t\t\t\t<h2 class=\"elementor-heading-title elementor-size-default\"><a href=\"https:\/\/omtrek.com.mx\/productos\/puertas-y-ventanas\/linea-pvc\/puertas-corredizas-elevables\/\">Puertas corredizas <br> elevables<\/a><\/h2>\t\t\t\t<\/div>\n\t\t\t\t<\/div>\n\t\t\t\t\t<\/div>\n\t\t<\/div>\n\t\t\t\t<div class=\"elementor-column elementor-col-14 elementor-inner-column elementor-element elementor-element-687c1e3\" data-id=\"687c1e3\" data-element_type=\"column\" data-e-type=\"column\">\n\t\t\t<div class=\"elementor-widget-wrap\">\n\t\t\t\t\t\t\t<\/div>\n\t\t<\/div>\n\t\t\t\t<div class=\"elementor-column elementor-col-14 elementor-inner-column elementor-element elementor-element-a3c3966\" data-id=\"a3c3966\" data-element_type=\"column\" data-e-type=\"column\">\n\t\t\t<div class=\"elementor-widget-wrap\">\n\t\t\t\t\t\t\t<\/div>\n\t\t<\/div>\n\t\t\t\t\t<\/div>\n\t\t<\/section>\n\t\t\t\t\t<\/div>\n\t\t<\/div>\n\t\t\t\t\t<\/div>\n\t\t<\/section>\n\t\t\t\t<section class=\"elementor-section elementor-top-section elementor-element elementor-element-6862e176 elementor-section-content-middle elementor-section-boxed elementor-section-height-default elementor-section-height-default\" data-id=\"6862e176\" data-element_type=\"section\" data-e-type=\"section\" id=\"eficiencia\" data-settings=\"{&quot;background_background&quot;:&quot;classic&quot;}\">\n\t\t\t\t\t\t<div class=\"elementor-container elementor-column-gap-no\">\n\t\t\t\t\t<div class=\"elementor-column elementor-col-50 elementor-top-column elementor-element elementor-element-3a54f090\" data-id=\"3a54f090\" data-element_type=\"column\" data-e-type=\"column\">\n\t\t\t<div class=\"elementor-widget-wrap elementor-element-populated\">\n\t\t\t\t\t\t<div class=\"elementor-element elementor-element-7f5ff41f elementor-widget elementor-widget-text-editor\" data-id=\"7f5ff41f\" data-element_type=\"widget\" data-e-type=\"widget\" data-widget_type=\"text-editor.default\">\n\t\t\t\t<div class=\"elementor-widget-container\">\n\t\t\t\t\t\t\t\t\tEficiencia\t\t\t\t\t\t\t\t<\/div>\n\t\t\t\t<\/div>\n\t\t\t\t<div class=\"elementor-element elementor-element-28ffe40f elementor-widget elementor-widget-image\" data-id=\"28ffe40f\" data-element_type=\"widget\" data-e-type=\"widget\" data-widget_type=\"image.default\">\n\t\t\t\t<div class=\"elementor-widget-container\">\n\t\t\t\t\t\t\t\t\t\t\t\t\t\t\t<img decoding=\"async\" width=\"300\" height=\"300\" src=\"https:\/\/omtrek.com.mx\/wp-content\/uploads\/eficiencia_comercial_omtrek.jpg\" class=\"attachment-full size-full wp-image-3005\" alt=\"\" srcset=\"https:\/\/omtrek.com.mx\/wp-content\/uploads\/eficiencia_comercial_omtrek.jpg 300w, https:\/\/omtrek.com.mx\/wp-content\/uploads\/eficiencia_comercial_omtrek-150x150.jpg 150w\" sizes=\"(max-width: 300px) 100vw, 300px\" \/>\t\t\t\t\t\t\t\t\t\t\t\t\t\t\t<\/div>\n\t\t\t\t<\/div>\n\t\t\t\t\t<\/div>\n\t\t<\/div>\n\t\t\t\t<div class=\"elementor-column elementor-col-50 elementor-top-column elementor-element elementor-element-1658a0a8\" data-id=\"1658a0a8\" data-element_type=\"column\" data-e-type=\"column\">\n\t\t\t<div class=\"elementor-widget-wrap elementor-element-populated\">\n\t\t\t\t\t\t<div class=\"elementor-element elementor-element-52c39141 elementor-widget elementor-widget-text-editor\" data-id=\"52c39141\" data-element_type=\"widget\" data-e-type=\"widget\" data-widget_type=\"text-editor.default\">\n\t\t\t\t<div class=\"elementor-widget-container\">\n\t\t\t\t\t\t\t\t\t<p>Reduzca los costos de energ\u00eda el\u00e9ctrica con un rendimiento t\u00e9rmico de hasta 45% utilizando nuestras ventanas y puertas de PVC para viviendas, edificios comerciales, hoteles y departamentos<\/p>\t\t\t\t\t\t\t\t<\/div>\n\t\t\t\t<\/div>\n\t\t\t\t<div class=\"elementor-element elementor-element-79fe234a elementor-widget elementor-widget-text-editor\" data-id=\"79fe234a\" data-element_type=\"widget\" data-e-type=\"widget\" data-widget_type=\"text-editor.default\">\n\t\t\t\t<div class=\"elementor-widget-container\">\n\t\t\t\t\t\t\t\t\t\u00bfQuiere saber, porque las ventanas y puertas de PVC de perfiler\u00eda alemana REHAU superan al aluminio? (y a la mayor\u00eda de nuestros competidores de PVC), en el trabajo cr\u00edtico de hoy se incluyen diversas medidas como: <strong>eficiencia energ\u00e9tica, f\u00e1cil instalaci\u00f3n y mantenimiento, resistencia, durabilidad y confort<\/strong>, para residentes o hu\u00e9spedes y una<strong> amplia gama de opciones de dise\u00f1o y color<\/strong>. Entonces empecemos:\n<br> <br>\nEs posible que ya conozca sobre las ventanas energ\u00e9ticamente eficientes y desee conocer en espec\u00edfico valores U, clasificaciones t\u00e9rmicas (SHGC) y t\u00e9cnicas de fabricaci\u00f3n. O tal vez necesite un curso breve de actualizaci\u00f3n sobre las tecnolog\u00edas innovadoras integradas en cada sistema de puertas y ventanas de perfiler\u00eda alemana REHAU. De cualquier manera, lo tenemos cubierto.\t\t\t\t\t\t\t\t<\/div>\n\t\t\t\t<\/div>\n\t\t\t\t\t<\/div>\n\t\t<\/div>\n\t\t\t\t\t<\/div>\n\t\t<\/section>\n\t\t\t\t<section class=\"elementor-section elementor-top-section elementor-element elementor-element-294aac5a elementor-section-content-middle elementor-section-boxed elementor-section-height-default elementor-section-height-default\" data-id=\"294aac5a\" data-element_type=\"section\" data-e-type=\"section\" data-settings=\"{&quot;background_background&quot;:&quot;classic&quot;}\">\n\t\t\t\t\t\t<div class=\"elementor-container elementor-column-gap-no\">\n\t\t\t\t\t<div class=\"elementor-column elementor-col-100 elementor-top-column elementor-element elementor-element-635b7ad7\" data-id=\"635b7ad7\" data-element_type=\"column\" data-e-type=\"column\">\n\t\t\t<div class=\"elementor-widget-wrap elementor-element-populated\">\n\t\t\t\t\t\t<div class=\"elementor-element elementor-element-3c446cb elementor-widget elementor-widget-text-editor\" data-id=\"3c446cb\" data-element_type=\"widget\" data-e-type=\"widget\" data-widget_type=\"text-editor.default\">\n\t\t\t\t<div class=\"elementor-widget-container\">\n\t\t\t\t\t\t\t\t\tPara lograr una excepcional eficiencia energ\u00e9tica, las ventanas de perfiler\u00eda alemana REHAU destacan para proyectos comerciales en tres medidas indispensables:\t\t\t\t\t\t\t\t<\/div>\n\t\t\t\t<\/div>\n\t\t\t\t<div class=\"elementor-element elementor-element-304fa344 elementor-widget elementor-widget-text-editor\" data-id=\"304fa344\" data-element_type=\"widget\" data-e-type=\"widget\" data-widget_type=\"text-editor.default\">\n\t\t\t\t<div class=\"elementor-widget-container\">\n\t\t\t\t\t\t\t\t\tFormulaci\u00f3n de PVC\t\t\t\t\t\t\t\t<\/div>\n\t\t\t\t<\/div>\n\t\t\t\t<div class=\"elementor-element elementor-element-252194fc elementor-widget elementor-widget-text-editor\" data-id=\"252194fc\" data-element_type=\"widget\" data-e-type=\"widget\" data-widget_type=\"text-editor.default\">\n\t\t\t\t<div class=\"elementor-widget-container\">\n\t\t\t\t\t\t\t\t\tNuestra <strong>formulaci\u00f3n secreta de PVC<\/strong> y la tecnolog\u00eda patentada, generan perfiles de ventanas y puertas (la infraestructura del marco y la hoja), con un <strong>rendimiento t\u00e9rmico<\/strong> excepcional <strong>de hasta un 45% mejor que el aluminio<\/strong> con puente t\u00e9rmico.\t\t\t\t\t\t\t\t<\/div>\n\t\t\t\t<\/div>\n\t\t\t\t<div class=\"elementor-element elementor-element-4d51e08a elementor-widget elementor-widget-text-editor\" data-id=\"4d51e08a\" data-element_type=\"widget\" data-e-type=\"widget\" data-widget_type=\"text-editor.default\">\n\t\t\t\t<div class=\"elementor-widget-container\">\n\t\t\t\t\t\t\t\t\tTecnolog\u00eda de sello de compresi\u00f3n\t\t\t\t\t\t\t\t<\/div>\n\t\t\t\t<\/div>\n\t\t\t\t<div class=\"elementor-element elementor-element-653f58ad elementor-widget elementor-widget-text-editor\" data-id=\"653f58ad\" data-element_type=\"widget\" data-e-type=\"widget\" data-widget_type=\"text-editor.default\">\n\t\t\t\t<div class=\"elementor-widget-container\">\n\t\t\t\t\t\t\t\t\tLos marcos de PVC de perfiler\u00eda alemana REHAU y sus esquinas termo fusionadas se combinan con el dise\u00f1o patentado multic\u00e1mara y un <strong>sello de compresi\u00f3n continuo<\/strong>. Un m\u00ednimo de tres sellos son co-extruidos con cada perfil de ventana y puerta para un ajuste soldado que es incre\u00edblemente herm\u00e9tico. Las ventanas y puertas de aluminio, normalmente tienen un m\u00e1ximo de dos sellos que deben aplicarse despu\u00e9s de la producci\u00f3n, a menudo separ\u00e1ndose de los marcos despu\u00e9s de un tiempo.\t\t\t\t\t\t\t\t<\/div>\n\t\t\t\t<\/div>\n\t\t\t\t<div class=\"elementor-element elementor-element-90aa694 elementor-widget elementor-widget-text-editor\" data-id=\"90aa694\" data-element_type=\"widget\" data-e-type=\"widget\" data-widget_type=\"text-editor.default\">\n\t\t\t\t<div class=\"elementor-widget-container\">\n\t\t\t\t\t\t\t\t\tCapacidad de acristalamiento\t\t\t\t\t\t\t\t<\/div>\n\t\t\t\t<\/div>\n\t\t\t\t<div class=\"elementor-element elementor-element-9fb9def elementor-widget elementor-widget-text-editor\" data-id=\"9fb9def\" data-element_type=\"widget\" data-e-type=\"widget\" data-widget_type=\"text-editor.default\">\n\t\t\t\t<div class=\"elementor-widget-container\">\n\t\t\t\t\t\t\t\t\tLas ventanas y puertas de perfiler\u00eda alemana REHAU est\u00e1n dise\u00f1adas para <strong>recibir doble y triple acristalamiento<\/strong> hasta 51 mm, lo que ayuda a mantener el aire caliente en los d\u00edas fr\u00edos y el aire fr\u00edo en los d\u00edas c\u00e1lidos.\t\t\t\t\t\t\t\t<\/div>\n\t\t\t\t<\/div>\n\t\t\t\t<div class=\"elementor-element elementor-element-51512831 elementor-widget elementor-widget-text-editor\" data-id=\"51512831\" data-element_type=\"widget\" data-e-type=\"widget\" data-widget_type=\"text-editor.default\">\n\t\t\t\t<div class=\"elementor-widget-container\">\n\t\t\t\t\t\t\t\t\tAhora es su turno de ahorrar dinero con el rendimiento t\u00e9rmico avanzado de perfiler\u00eda alemana REHAU\t\t\t\t\t\t\t\t<\/div>\n\t\t\t\t<\/div>\n\t\t\t\t<div class=\"elementor-element elementor-element-045cf8b elementor-widget elementor-widget-text-editor\" data-id=\"045cf8b\" data-element_type=\"widget\" data-e-type=\"widget\" data-widget_type=\"text-editor.default\">\n\t\t\t\t<div class=\"elementor-widget-container\">\n\t\t\t\t\t\t\t\t\tDescubra ahora cu\u00e1nto dinero puede usted ahorrar en su siguiente departamento, condominio, hotel o cualquier otro proyecto comercial. Simplemente p\u00f3ngase en contacto con uno de nuestros asesores y aproveche el excelente rendimiento y dise\u00f1o elegante de perfiler\u00eda alemana REHAU.\t\t\t\t\t\t\t\t<\/div>\n\t\t\t\t<\/div>\n\t\t\t\t\t<\/div>\n\t\t<\/div>\n\t\t\t\t\t<\/div>\n\t\t<\/section>\n\t\t\t\t<section class=\"elementor-section elementor-top-section elementor-element elementor-element-32fe8708 elementor-section-content-middle elementor-section-boxed elementor-section-height-default elementor-section-height-default\" data-id=\"32fe8708\" data-element_type=\"section\" data-e-type=\"section\" data-settings=\"{&quot;background_background&quot;:&quot;classic&quot;}\">\n\t\t\t\t\t\t<div class=\"elementor-container elementor-column-gap-no\">\n\t\t\t\t\t<div class=\"elementor-column elementor-col-100 elementor-top-column elementor-element elementor-element-6bface54\" data-id=\"6bface54\" data-element_type=\"column\" data-e-type=\"column\">\n\t\t\t<div class=\"elementor-widget-wrap elementor-element-populated\">\n\t\t\t\t\t\t<div class=\"elementor-element elementor-element-54275ca3 elementor-widget elementor-widget-text-editor\" data-id=\"54275ca3\" data-element_type=\"widget\" data-e-type=\"widget\" data-widget_type=\"text-editor.default\">\n\t\t\t\t<div class=\"elementor-widget-container\">\n\t\t\t\t\t\t\t\t\tLos resultados de eficiencia en la industria le dicen todo lo que necesita saber\t\t\t\t\t\t\t\t<\/div>\n\t\t\t\t<\/div>\n\t\t\t\t<div class=\"elementor-element elementor-element-4eeae42a elementor-widget elementor-widget-text-editor\" data-id=\"4eeae42a\" data-element_type=\"widget\" data-e-type=\"widget\" data-widget_type=\"text-editor.default\">\n\t\t\t\t<div class=\"elementor-widget-container\">\n\t\t\t\t\t\t\t\t\t<p>Totalmente compatible con todos los c\u00f3digos de energ\u00eda aplicables y las clasificaciones ENERGY STAR, las ventanas y puertas de perfiler\u00eda alemana REHAU ofrecen valores u l\u00edderes en la industria de tan solo 1.6 W\/m\u00b2K y <strong>un coeficiente de ganancia de calor solar<\/strong> (SHGC) <strong>de hasta 0.10.<\/strong><\/p><p>Y no olvide agregar <strong>sustentabilidad al considerar los costos del ciclo de vida del PVC<\/strong> frente al aluminio, especialmente con el impulso de pr\u00e1cticas de construcci\u00f3n ecol\u00f3gicas que cumplan con los est\u00e1ndares LEED\u00ae y Casas pasivas. La huella de carbono de la producci\u00f3n de PVC es un 80% menor que la de aluminio. Adem\u00e1s, el PVC es totalmente <strong>reciclable y se puede volver a fundir y reutilizar.<\/strong><\/p>\t\t\t\t\t\t\t\t<\/div>\n\t\t\t\t<\/div>\n\t\t\t\t<div class=\"elementor-element elementor-element-18816f4e elementor-align-left elementor-mobile-align-center elementor-widget elementor-widget-button\" data-id=\"18816f4e\" data-element_type=\"widget\" data-e-type=\"widget\" data-widget_type=\"button.default\">\n\t\t\t\t<div class=\"elementor-widget-container\">\n\t\t\t\t\t\t\t\t\t<div class=\"elementor-button-wrapper\">\n\t\t\t\t\t<a class=\"elementor-button elementor-button-link elementor-size-sm\" href=\"https:\/\/omtrek.com.mx\/contactanos\/\">\n\t\t\t\t\t\t<span class=\"elementor-button-content-wrapper\">\n\t\t\t\t\t\t<span class=\"elementor-button-icon\">\n\t\t\t\t<i aria-hidden=\"true\" class=\"fas fa-arrow-right\"><\/i>\t\t\t<\/span>\n\t\t\t\t\t\t\t\t\t<span class=\"elementor-button-text\">Contacta a uno de nuestros asesores<\/span>\n\t\t\t\t\t<\/span>\n\t\t\t\t\t<\/a>\n\t\t\t\t<\/div>\n\t\t\t\t\t\t\t\t<\/div>\n\t\t\t\t<\/div>\n\t\t\t\t\t<\/div>\n\t\t<\/div>\n\t\t\t\t\t<\/div>\n\t\t<\/section>\n\t\t\t\t<section class=\"elementor-section elementor-top-section elementor-element elementor-element-5f5a15ce elementor-section-content-middle elementor-section-boxed elementor-section-height-default elementor-section-height-default\" data-id=\"5f5a15ce\" data-element_type=\"section\" data-e-type=\"section\" id=\"instalacion\" data-settings=\"{&quot;background_background&quot;:&quot;classic&quot;}\">\n\t\t\t\t\t\t<div class=\"elementor-container elementor-column-gap-no\">\n\t\t\t\t\t<div class=\"elementor-column elementor-col-50 elementor-top-column elementor-element elementor-element-19029c35\" data-id=\"19029c35\" data-element_type=\"column\" data-e-type=\"column\">\n\t\t\t<div class=\"elementor-widget-wrap elementor-element-populated\">\n\t\t\t\t\t\t<div class=\"elementor-element elementor-element-47954ea5 elementor-widget elementor-widget-text-editor\" data-id=\"47954ea5\" data-element_type=\"widget\" data-e-type=\"widget\" data-widget_type=\"text-editor.default\">\n\t\t\t\t<div class=\"elementor-widget-container\">\n\t\t\t\t\t\t\t\t\tInstalaci\u00f3n\t\t\t\t\t\t\t\t<\/div>\n\t\t\t\t<\/div>\n\t\t\t\t<div class=\"elementor-element elementor-element-10f253d6 elementor-widget elementor-widget-image\" data-id=\"10f253d6\" data-element_type=\"widget\" data-e-type=\"widget\" data-widget_type=\"image.default\">\n\t\t\t\t<div class=\"elementor-widget-container\">\n\t\t\t\t\t\t\t\t\t\t\t\t\t\t\t<img decoding=\"async\" width=\"300\" height=\"300\" src=\"https:\/\/omtrek.com.mx\/wp-content\/uploads\/instalacion_comercial_omtrek.jpg\" class=\"attachment-full size-full wp-image-3043\" alt=\"\" srcset=\"https:\/\/omtrek.com.mx\/wp-content\/uploads\/instalacion_comercial_omtrek.jpg 300w, https:\/\/omtrek.com.mx\/wp-content\/uploads\/instalacion_comercial_omtrek-150x150.jpg 150w\" sizes=\"(max-width: 300px) 100vw, 300px\" \/>\t\t\t\t\t\t\t\t\t\t\t\t\t\t\t<\/div>\n\t\t\t\t<\/div>\n\t\t\t\t\t<\/div>\n\t\t<\/div>\n\t\t\t\t<div class=\"elementor-column elementor-col-50 elementor-top-column elementor-element elementor-element-d910ba0\" data-id=\"d910ba0\" data-element_type=\"column\" data-e-type=\"column\">\n\t\t\t<div class=\"elementor-widget-wrap elementor-element-populated\">\n\t\t\t\t\t\t<div class=\"elementor-element elementor-element-410fd06f elementor-widget elementor-widget-text-editor\" data-id=\"410fd06f\" data-element_type=\"widget\" data-e-type=\"widget\" data-widget_type=\"text-editor.default\">\n\t\t\t\t<div class=\"elementor-widget-container\">\n\t\t\t\t\t\t\t\t\tLos sistemas de ventanas de perfiler\u00eda alemana REHAU se instalan hasta un 55% m\u00e1s r\u00e1pido que el aluminio propenso a fugas\t\t\t\t\t\t\t\t<\/div>\n\t\t\t\t<\/div>\n\t\t\t\t<div class=\"elementor-element elementor-element-2ec6f7c0 elementor-widget elementor-widget-text-editor\" data-id=\"2ec6f7c0\" data-element_type=\"widget\" data-e-type=\"widget\" data-widget_type=\"text-editor.default\">\n\t\t\t\t<div class=\"elementor-widget-container\">\n\t\t\t\t\t\t\t\t\tEstas son las validaciones que los constructores no desean ver en el listado de ventanas para un proyecto de edificios multifamiliares y comerciales:\n<ul>\n \t<li>Cortes en obra<\/li>\n \t<li>Instalaciones poco eficientes<\/li>\n \t<li>Ajustar uniones mec\u00e1nicas en obra<\/li>\n<\/ul>\nPero si instalas ventanas de aluminio, prep\u00e1rate para gastar m\u00e1s de lo esperado porque es bien sabido que las esquinas unidas mec\u00e1nicamente tienen fugas. Y eso significa que se necesitan varios pasos de instalaci\u00f3n adicionales para mitigar la entrada de agua de las ventanas de aluminio. Por lo que se enfrentar\u00e1 a sobrecostos: m\u00e1s materiales, m\u00e1s mano de obra y retrasos en el proyecto.\t\t\t\t\t\t\t\t<\/div>\n\t\t\t\t<\/div>\n\t\t\t\t\t<\/div>\n\t\t<\/div>\n\t\t\t\t\t<\/div>\n\t\t<\/section>\n\t\t\t\t<section class=\"elementor-section elementor-top-section elementor-element elementor-element-da740b elementor-section-content-middle elementor-section-boxed elementor-section-height-default elementor-section-height-default\" data-id=\"da740b\" data-element_type=\"section\" data-e-type=\"section\" data-settings=\"{&quot;background_background&quot;:&quot;classic&quot;}\">\n\t\t\t\t\t\t<div class=\"elementor-container elementor-column-gap-no\">\n\t\t\t\t\t<div class=\"elementor-column elementor-col-100 elementor-top-column elementor-element elementor-element-5e2f64dd\" data-id=\"5e2f64dd\" data-element_type=\"column\" data-e-type=\"column\">\n\t\t\t<div class=\"elementor-widget-wrap elementor-element-populated\">\n\t\t\t\t\t\t<div class=\"elementor-element elementor-element-64554598 elementor-widget elementor-widget-text-editor\" data-id=\"64554598\" data-element_type=\"widget\" data-e-type=\"widget\" data-widget_type=\"text-editor.default\">\n\t\t\t\t<div class=\"elementor-widget-container\">\n\t\t\t\t\t\t\t\t\tEsquinas termofusionadas, tecnolog\u00eda de sellado por compresi\u00f3n que evita filtraciones de agua\t\t\t\t\t\t\t\t<\/div>\n\t\t\t\t<\/div>\n\t\t\t\t<div class=\"elementor-element elementor-element-2af0ad89 elementor-widget elementor-widget-text-editor\" data-id=\"2af0ad89\" data-element_type=\"widget\" data-e-type=\"widget\" data-widget_type=\"text-editor.default\">\n\t\t\t\t<div class=\"elementor-widget-container\">\n\t\t\t\t\t\t\t\t\tMientras tanto, las esquinas de cada ventana y puerta de PVC de perfiler\u00eda alemana REHAU se funden juntas en un proceso llamado soldadura por fusi\u00f3n para formar lo que es, en efecto, un marco continuo. Cuando las esquinas termofusionadas se combinan con nuestra tecnolog\u00eda integrada de sellado por compresi\u00f3n, no hay pr\u00e1cticamente ninguna filtraci\u00f3n de agua. La red: ventanas y puertas sin listas de control adicionales que se instalan en aproximadamente la mitad de tiempo que el aluminio para un ahorro de tiempo de m\u00e1s de 200 horas en un proyecto de 500 ventanas. *\t\t\t\t\t\t\t\t<\/div>\n\t\t\t\t<\/div>\n\t\t\t\t<div class=\"elementor-element elementor-element-3c3c0c95 elementor-widget elementor-widget-text-editor\" data-id=\"3c3c0c95\" data-element_type=\"widget\" data-e-type=\"widget\" data-widget_type=\"text-editor.default\">\n\t\t\t\t<div class=\"elementor-widget-container\">\n\t\t\t\t\t\t\t\t\tPrueba la eficiencia de las ventanas y puertas de PVC de perfiler\u00eda alemana REHAU con modelos avanzados, en un software especializado\t\t\t\t\t\t\t\t<\/div>\n\t\t\t\t<\/div>\n\t\t\t\t<div class=\"elementor-element elementor-element-407c599f elementor-widget elementor-widget-text-editor\" data-id=\"407c599f\" data-element_type=\"widget\" data-e-type=\"widget\" data-widget_type=\"text-editor.default\">\n\t\t\t\t<div class=\"elementor-widget-container\">\n\t\t\t\t\t\t\t\t\tLo entendemos. Quieres pruebas antes, durante y despu\u00e9s de la instalaci\u00f3n de que las ventanas y puertas de PVC de perfiler\u00eda alemana REHAU son realmente superiores a los productos de aluminio comparables. As\u00ed que, antes de gastar un centavo, usaremos un software avanzado para ejecutar las especificaciones de su proyecto con los sistemas de puertas y ventanas de perfiler\u00eda alemana REHAU en lugar de aluminio. Si te agradan los resultados, apoyamos las pruebas de simulaci\u00f3n en software para realizar las \u00faltimas pruebas de filtraciones de agua y de aislamiento ac\u00fastico.\t\t\t\t\t\t\t\t<\/div>\n\t\t\t\t<\/div>\n\t\t\t\t<div class=\"elementor-element elementor-element-272fafa0 elementor-widget elementor-widget-text-editor\" data-id=\"272fafa0\" data-element_type=\"widget\" data-e-type=\"widget\" data-widget_type=\"text-editor.default\">\n\t\t\t\t<div class=\"elementor-widget-container\">\n\t\t\t\t\t\t\t\t\tEs mejor conocer las nuevas tecnolog\u00edas &#8211; es hora de considerar el PVC\t\t\t\t\t\t\t\t<\/div>\n\t\t\t\t<\/div>\n\t\t\t\t<div class=\"elementor-element elementor-element-8799e85 elementor-widget elementor-widget-text-editor\" data-id=\"8799e85\" data-element_type=\"widget\" data-e-type=\"widget\" data-widget_type=\"text-editor.default\">\n\t\t\t\t<div class=\"elementor-widget-container\">\n\t\t\t\t\t\t\t\t\tPor supuesto, sabemos que los viejos h\u00e1bitos y mitos son dif\u00edciles de erradicar, por ende, el aluminio sigue dominando las aplicaciones comerciales en M\u00e9xico y Centroam\u00e9rica. Pero hay una raz\u00f3n por la que el mercado del PVC est\u00e1 creciendo en el sector residencial, comercial y de vivienda masiva, entre un 8 y 10% al a\u00f1o, seg\u00fan los expertos de la industria. Dado los <strong>beneficios<\/strong> que ofrece como <strong>el rendimiento excepcional y la facilidad de instalaci\u00f3n de las ventanas y puertas de perfiler\u00eda alemana REHAU.<\/strong> \u00a1Es tiempo de considerar el PVC! Descubre m\u00e1s conect\u00e1ndote con nosotros y pregunta o cotiza tu mejor opci\u00f3n.\n<br> <br>\n* Ahorro de tiempo seg\u00fan ventanas abatibles de PVC de perfiler\u00eda alemana REHAU Aspekt en comparaci\u00f3n con las ventanas de perfil de aluminio comparables.\t\t\t\t\t\t\t\t<\/div>\n\t\t\t\t<\/div>\n\t\t\t\t\t<\/div>\n\t\t<\/div>\n\t\t\t\t\t<\/div>\n\t\t<\/section>\n\t\t\t\t<section class=\"elementor-section elementor-top-section elementor-element elementor-element-8682f86 elementor-section-content-middle elementor-section-boxed elementor-section-height-default elementor-section-height-default\" data-id=\"8682f86\" data-element_type=\"section\" data-e-type=\"section\" data-settings=\"{&quot;background_background&quot;:&quot;classic&quot;}\">\n\t\t\t\t\t\t<div class=\"elementor-container elementor-column-gap-no\">\n\t\t\t\t\t<div class=\"elementor-column elementor-col-100 elementor-top-column elementor-element elementor-element-5b4c0d2\" data-id=\"5b4c0d2\" data-element_type=\"column\" data-e-type=\"column\">\n\t\t\t<div class=\"elementor-widget-wrap elementor-element-populated\">\n\t\t\t\t\t\t<div class=\"elementor-element elementor-element-f5dea45 elementor-widget elementor-widget-text-editor\" data-id=\"f5dea45\" data-element_type=\"widget\" data-e-type=\"widget\" data-widget_type=\"text-editor.default\">\n\t\t\t\t<div class=\"elementor-widget-container\">\n\t\t\t\t\t\t\t\t\tInstalaci\u00f3n en hoteles\t\t\t\t\t\t\t\t<\/div>\n\t\t\t\t<\/div>\n\t\t\t\t<div class=\"elementor-element elementor-element-e633f69 elementor-widget elementor-widget-text-editor\" data-id=\"e633f69\" data-element_type=\"widget\" data-e-type=\"widget\" data-widget_type=\"text-editor.default\">\n\t\t\t\t<div class=\"elementor-widget-container\">\n\t\t\t\t\t\t\t\t\tCuando la cadena de hoteles Casa Inn, lleg\u00f3 a construir su nuevo hotel en Celaya, Guanajuato, se enfrent\u00f3 a altos niveles de contaminaci\u00f3n ac\u00fastica ya que se encuentra a unos cuantos metros de las v\u00edas del tren, por lo que consideraron en instalar una doble pared para el abatimiento del ruido exterior. Afortunadamente, eligieron una mejor opci\u00f3n con el sistema de ventanas 4500 de perfiler\u00eda alemana REHAU.\t\t\t\t\t\t\t\t<\/div>\n\t\t\t\t<\/div>\n\t\t\t\t<div class=\"elementor-element elementor-element-0b041e3 elementor-widget elementor-widget-text-editor\" data-id=\"0b041e3\" data-element_type=\"widget\" data-e-type=\"widget\" data-widget_type=\"text-editor.default\">\n\t\t\t\t<div class=\"elementor-widget-container\">\n\t\t\t\t\t\t\t\t\tEl contar con ventanas y puertas realmente aislantes de la contaminaci\u00f3n sonora y que adem\u00e1s aporten un considerable ahorro energ\u00e9tico del hotel, parec\u00eda una utop\u00eda. Sin embargo, las ventanas y puertas de PVC de perfiler\u00eda alemana REHAU superaron las complejas circunstancias y convertir esta obra en una historia de \u00e9xito.\n<br> <br>\nNo fue necesaria una pared secundaria y los valores t\u00e9rmicos alcanzados por el sistema 4500, se tradujeron en <strong>importantes reducciones de ruido y costos de energ\u00eda<\/strong> en comparaci\u00f3n con las ventanas y puertas de aluminio.\t\t\t\t\t\t\t\t<\/div>\n\t\t\t\t<\/div>\n\t\t\t\t<div class=\"elementor-element elementor-element-2790d78 elementor-align-left elementor-mobile-align-center elementor-widget elementor-widget-button\" data-id=\"2790d78\" data-element_type=\"widget\" data-e-type=\"widget\" data-widget_type=\"button.default\">\n\t\t\t\t<div class=\"elementor-widget-container\">\n\t\t\t\t\t\t\t\t\t<div class=\"elementor-button-wrapper\">\n\t\t\t\t\t<a class=\"elementor-button elementor-button-link elementor-size-sm\" href=\"https:\/\/omtrek.com.mx\/proyectos\/\">\n\t\t\t\t\t\t<span class=\"elementor-button-content-wrapper\">\n\t\t\t\t\t\t<span class=\"elementor-button-icon\">\n\t\t\t\t<i aria-hidden=\"true\" class=\"fas fa-arrow-right\"><\/i>\t\t\t<\/span>\n\t\t\t\t\t\t\t\t\t<span class=\"elementor-button-text\">Busque m\u00e1s de nuestros proyectos aqu\u00ed<\/span>\n\t\t\t\t\t<\/span>\n\t\t\t\t\t<\/a>\n\t\t\t\t<\/div>\n\t\t\t\t\t\t\t\t<\/div>\n\t\t\t\t<\/div>\n\t\t\t\t\t<\/div>\n\t\t<\/div>\n\t\t\t\t\t<\/div>\n\t\t<\/section>\n\t\t\t\t<section class=\"elementor-section elementor-top-section elementor-element elementor-element-1cc2ee91 elementor-section-content-middle elementor-section-boxed elementor-section-height-default elementor-section-height-default\" data-id=\"1cc2ee91\" data-element_type=\"section\" data-e-type=\"section\" id=\"durabilidad\" data-settings=\"{&quot;background_background&quot;:&quot;classic&quot;}\">\n\t\t\t\t\t\t<div class=\"elementor-container elementor-column-gap-no\">\n\t\t\t\t\t<div class=\"elementor-column elementor-col-50 elementor-top-column elementor-element elementor-element-3cd91e7\" data-id=\"3cd91e7\" data-element_type=\"column\" data-e-type=\"column\">\n\t\t\t<div class=\"elementor-widget-wrap elementor-element-populated\">\n\t\t\t\t\t\t<div class=\"elementor-element elementor-element-32b38ef3 elementor-widget elementor-widget-text-editor\" data-id=\"32b38ef3\" data-element_type=\"widget\" data-e-type=\"widget\" data-widget_type=\"text-editor.default\">\n\t\t\t\t<div class=\"elementor-widget-container\">\n\t\t\t\t\t\t\t\t\tDurabilidad\t\t\t\t\t\t\t\t<\/div>\n\t\t\t\t<\/div>\n\t\t\t\t<div class=\"elementor-element elementor-element-3e7c72f5 elementor-widget elementor-widget-image\" data-id=\"3e7c72f5\" data-element_type=\"widget\" data-e-type=\"widget\" data-widget_type=\"image.default\">\n\t\t\t\t<div class=\"elementor-widget-container\">\n\t\t\t\t\t\t\t\t\t\t\t\t\t\t\t<img loading=\"lazy\" decoding=\"async\" width=\"400\" height=\"571\" src=\"https:\/\/omtrek.com.mx\/wp-content\/uploads\/durabilidad_comercial_omtrek.jpg\" class=\"attachment-full size-full wp-image-3044\" alt=\"\" srcset=\"https:\/\/omtrek.com.mx\/wp-content\/uploads\/durabilidad_comercial_omtrek.jpg 400w, https:\/\/omtrek.com.mx\/wp-content\/uploads\/durabilidad_comercial_omtrek-210x300.jpg 210w\" sizes=\"(max-width: 400px) 100vw, 400px\" \/>\t\t\t\t\t\t\t\t\t\t\t\t\t\t\t<\/div>\n\t\t\t\t<\/div>\n\t\t\t\t\t<\/div>\n\t\t<\/div>\n\t\t\t\t<div class=\"elementor-column elementor-col-50 elementor-top-column elementor-element elementor-element-3de4eb17\" data-id=\"3de4eb17\" data-element_type=\"column\" data-e-type=\"column\">\n\t\t\t<div class=\"elementor-widget-wrap elementor-element-populated\">\n\t\t\t\t\t\t<div class=\"elementor-element elementor-element-abb99d8 elementor-widget elementor-widget-text-editor\" data-id=\"abb99d8\" data-element_type=\"widget\" data-e-type=\"widget\" data-widget_type=\"text-editor.default\">\n\t\t\t\t<div class=\"elementor-widget-container\">\n\t\t\t\t\t\t\t\t\tVentanas y puertas de PVC verificadas para durar 35 a\u00f1os y m\u00e1s\t\t\t\t\t\t\t\t<\/div>\n\t\t\t\t<\/div>\n\t\t\t\t<div class=\"elementor-element elementor-element-7283b26f elementor-widget elementor-widget-text-editor\" data-id=\"7283b26f\" data-element_type=\"widget\" data-e-type=\"widget\" data-widget_type=\"text-editor.default\">\n\t\t\t\t<div class=\"elementor-widget-container\">\n\t\t\t\t\t\t\t\t\tEs dif\u00edcil creer que hoy alguien fabrique una ventana que dure 35 a\u00f1os, especialmente si su perfil de referencia (por as\u00ed decirlo) es aluminio o PVC de la vieja escuela. As\u00ed que, escucha esto: un estudio de 2006 realizado por el Building Research Establishment* encontr\u00f3 que las ventanas fabricadas con la formulaci\u00f3n pionera de PVC de perfiler\u00eda alemana REHAU de alto rendimiento \u00abtienen una vida \u00fatil de al menos 35 a\u00f1os en condiciones urbanas normales y no agresivas\u00bb.\n<br> <br>\nEso es 10 a\u00f1os m\u00e1s que la norma industrial previamente aceptada de 25 a\u00f1os para el PVC y 20 a\u00f1os m\u00e1s que la vida media de 15 a\u00f1os del aluminio. \u00a1Por consiguiente, podemos se\u00f1alarles que las instalaciones de perfiler\u00eda alemana REHAU superan los 25 a\u00f1os en M\u00e9xico e incluso 50 a\u00f1os en Europa! *\t\t\t\t\t\t\t\t<\/div>\n\t\t\t\t<\/div>\n\t\t\t\t<div class=\"elementor-element elementor-element-cf700b9 elementor-widget elementor-widget-text-editor\" data-id=\"cf700b9\" data-element_type=\"widget\" data-e-type=\"widget\" data-widget_type=\"text-editor.default\">\n\t\t\t\t<div class=\"elementor-widget-container\">\n\t\t\t\t\t\t\t\t\tProtege tu inversi\u00f3n: no hay filtraciones de agua o aire, no hay descoloramiento o desgaste, no hay inconvenientes\t\t\t\t\t\t\t\t<\/div>\n\t\t\t\t<\/div>\n\t\t\t\t<div class=\"elementor-element elementor-element-b9ac1c8 elementor-widget elementor-widget-text-editor\" data-id=\"b9ac1c8\" data-element_type=\"widget\" data-e-type=\"widget\" data-widget_type=\"text-editor.default\">\n\t\t\t\t<div class=\"elementor-widget-container\">\n\t\t\t\t\t\t\t\t\tLa notable durabilidad de las ventanas y puertas de perfiler\u00eda alemana REHAU se reduce a los <strong>materiales patentados, la tecnolog\u00eda de extrusi\u00f3n de \u00faltima generaci\u00f3n y un dise\u00f1o de calidad superior.<\/strong>\t\t\t\t\t\t\t\t<\/div>\n\t\t\t\t<\/div>\n\t\t\t\t\t<\/div>\n\t\t<\/div>\n\t\t\t\t\t<\/div>\n\t\t<\/section>\n\t\t\t\t<section class=\"elementor-section elementor-top-section elementor-element elementor-element-753ad13 elementor-section-content-middle elementor-section-boxed elementor-section-height-default elementor-section-height-default\" data-id=\"753ad13\" data-element_type=\"section\" data-e-type=\"section\" data-settings=\"{&quot;background_background&quot;:&quot;classic&quot;}\">\n\t\t\t\t\t\t<div class=\"elementor-container elementor-column-gap-no\">\n\t\t\t\t\t<div class=\"elementor-column elementor-col-100 elementor-top-column elementor-element elementor-element-6b9ef6e\" data-id=\"6b9ef6e\" data-element_type=\"column\" data-e-type=\"column\">\n\t\t\t<div class=\"elementor-widget-wrap elementor-element-populated\">\n\t\t\t\t\t\t<div class=\"elementor-element elementor-element-bbcaba8 elementor-widget elementor-widget-text-editor\" data-id=\"bbcaba8\" data-element_type=\"widget\" data-e-type=\"widget\" data-widget_type=\"text-editor.default\">\n\t\t\t\t<div class=\"elementor-widget-container\">\n\t\t\t\t\t\t\t\t\tLas esquinas termofusionadas de PVC nunca tienen fugas como las de aluminio\t\t\t\t\t\t\t\t<\/div>\n\t\t\t\t<\/div>\n\t\t\t\t<div class=\"elementor-element elementor-element-1a36786 elementor-widget elementor-widget-text-editor\" data-id=\"1a36786\" data-element_type=\"widget\" data-e-type=\"widget\" data-widget_type=\"text-editor.default\">\n\t\t\t\t<div class=\"elementor-widget-container\">\n\t\t\t\t\t\t\t\t\tLas ventanas de aluminio han unido mec\u00e1nicamente las esquinas que invariablemente comienzan a desgastarse y a romperse a medida que el aluminio se expande y se contrae con los cambios de temperatura. Las uniones sueltas crean fugas de aire y problemas de humedad, lo que a menudo significa que las ventanas de aluminio deben ser reparadas, pintadas y finalmente reemplazadas cada 10 a\u00f1os aproximadamente. Por el contrario, los sistemas avanzados de ventanas y puertas de PVC de perfiler\u00eda alemana REHAU est\u00e1n equipados con esquinas termofusionadas, por lo que literalmente no hay juntas de esquina que comprometer.\t\t\t\t\t\t\t\t<\/div>\n\t\t\t\t<\/div>\n\t\t\t\t<div class=\"elementor-element elementor-element-0d92bd5 elementor-widget elementor-widget-text-editor\" data-id=\"0d92bd5\" data-element_type=\"widget\" data-e-type=\"widget\" data-widget_type=\"text-editor.default\">\n\t\t\t\t<div class=\"elementor-widget-container\">\n\t\t\t\t\t\t\t\t\tSellos incre\u00edblemente herm\u00e9ticos co-extruidos simult\u00e1neamente con marcos y hojas\t\t\t\t\t\t\t\t<\/div>\n\t\t\t\t<\/div>\n\t\t\t\t<div class=\"elementor-element elementor-element-c945ccf elementor-widget elementor-widget-text-editor\" data-id=\"c945ccf\" data-element_type=\"widget\" data-e-type=\"widget\" data-widget_type=\"text-editor.default\">\n\t\t\t\t<div class=\"elementor-widget-container\">\n\t\t\t\t\t\t\t\t\tLa mayor\u00eda de nuestros sistemas de ventanas y puertas est\u00e1n hechas con sellos flexibles que son co-extruidos con nuestros marcos y hojas de PVC r\u00edgido. Como resultado, los sellos se sold\u00e1n junto con el contorno de la ventana y la puerta para un ajuste incre\u00edblemente herm\u00e9tico que dura d\u00e9cadas, mucho despu\u00e9s de que los sellos de las ventanas y puertas de aluminio se hayan encogido o retirado de sus marcos.\t\t\t\t\t\t\t\t<\/div>\n\t\t\t\t<\/div>\n\t\t\t\t<div class=\"elementor-element elementor-element-984e835 elementor-widget elementor-widget-text-editor\" data-id=\"984e835\" data-element_type=\"widget\" data-e-type=\"widget\" data-widget_type=\"text-editor.default\">\n\t\t\t\t<div class=\"elementor-widget-container\">\n\t\t\t\t\t\t\t\t\tLas superficies s\u00faper resistentes son f\u00e1ciles de limpiar, siempre se ven como nuevas\t\t\t\t\t\t\t\t<\/div>\n\t\t\t\t<\/div>\n\t\t\t\t<div class=\"elementor-element elementor-element-fb40475 elementor-widget elementor-widget-text-editor\" data-id=\"fb40475\" data-element_type=\"widget\" data-e-type=\"widget\" data-widget_type=\"text-editor.default\">\n\t\t\t\t<div class=\"elementor-widget-container\">\n\t\t\t\t\t\t\t\t\tCon estabilizadores y endurecedores de superficie avanzados, nuestras ventanas y puertas tambi\u00e9n demuestran <strong>una notable resistencia a la radiaci\u00f3n solar y otras duras condiciones ambientales.<\/strong> El resultado: ventanas que no se decoloran, ni se abollan, ni se rayan, ni se descascaran. Con s\u00f3lo agua y un detergente convencional, nuestras ventanas nunca perder\u00e1n ese nuevo aspecto y brillo.\n<br> <br>\n*Estudio de alcance: Estimaci\u00f3n de la vida \u00fatil de las ventanas de PVC, Building Research Establishment, n\u00famero de reporte del cliente 228-618, Watford, R.U., 2006.\t\t\t\t\t\t\t\t<\/div>\n\t\t\t\t<\/div>\n\t\t\t\t<div class=\"elementor-element elementor-element-5e715e3 elementor-align-left elementor-mobile-align-center elementor-widget elementor-widget-button\" data-id=\"5e715e3\" data-element_type=\"widget\" data-e-type=\"widget\" data-widget_type=\"button.default\">\n\t\t\t\t<div class=\"elementor-widget-container\">\n\t\t\t\t\t\t\t\t\t<div class=\"elementor-button-wrapper\">\n\t\t\t\t\t<a class=\"elementor-button elementor-button-link elementor-size-sm\" href=\"https:\/\/omtrek.com.mx\/proyectos\/\">\n\t\t\t\t\t\t<span class=\"elementor-button-content-wrapper\">\n\t\t\t\t\t\t<span class=\"elementor-button-icon\">\n\t\t\t\t<i aria-hidden=\"true\" class=\"fas fa-arrow-right\"><\/i>\t\t\t<\/span>\n\t\t\t\t\t\t\t\t\t<span class=\"elementor-button-text\">Busque m\u00e1s de nuestros proyectos aqu\u00ed<\/span>\n\t\t\t\t\t<\/span>\n\t\t\t\t\t<\/a>\n\t\t\t\t<\/div>\n\t\t\t\t\t\t\t\t<\/div>\n\t\t\t\t<\/div>\n\t\t\t\t\t<\/div>\n\t\t<\/div>\n\t\t\t\t\t<\/div>\n\t\t<\/section>\n\t\t\t\t<section class=\"elementor-section elementor-top-section elementor-element elementor-element-dd25cec elementor-section-content-middle elementor-section-boxed elementor-section-height-default elementor-section-height-default\" data-id=\"dd25cec\" data-element_type=\"section\" data-e-type=\"section\" data-settings=\"{&quot;background_background&quot;:&quot;classic&quot;}\">\n\t\t\t\t\t\t<div class=\"elementor-container elementor-column-gap-no\">\n\t\t\t\t\t<div class=\"elementor-column elementor-col-100 elementor-top-column elementor-element elementor-element-715c718\" data-id=\"715c718\" data-element_type=\"column\" data-e-type=\"column\">\n\t\t\t<div class=\"elementor-widget-wrap elementor-element-populated\">\n\t\t\t\t\t\t<div class=\"elementor-element elementor-element-73828bb elementor-widget elementor-widget-text-editor\" data-id=\"73828bb\" data-element_type=\"widget\" data-e-type=\"widget\" data-widget_type=\"text-editor.default\">\n\t\t\t\t<div class=\"elementor-widget-container\">\n\t\t\t\t\t\t\t\t\tDurabilidad \u2013 dinero en el banco para propietarios, operadores e inversores\t\t\t\t\t\t\t\t<\/div>\n\t\t\t\t<\/div>\n\t\t\t\t<div class=\"elementor-element elementor-element-8a006f1 elementor-widget elementor-widget-text-editor\" data-id=\"8a006f1\" data-element_type=\"widget\" data-e-type=\"widget\" data-widget_type=\"text-editor.default\">\n\t\t\t\t<div class=\"elementor-widget-container\">\n\t\t\t\t\t\t\t\t\tPara ustedes que invierten en nuevas construcciones o proyectos de rehabilitaci\u00f3n&#8230;\t\t\t\t\t\t\t\t<\/div>\n\t\t\t\t<\/div>\n\t\t\t\t<div class=\"elementor-element elementor-element-dfa1f04 elementor-widget elementor-widget-text-editor\" data-id=\"dfa1f04\" data-element_type=\"widget\" data-e-type=\"widget\" data-widget_type=\"text-editor.default\">\n\t\t\t\t<div class=\"elementor-widget-container\">\n\t\t\t\t\t\t\t\t\t&#8230; como departamentos, residencias, edificios, comerciales de uso mixto, hoteles y m\u00e1s \u2013 sabemos que la durabilidad no es s\u00f3lo una calidad \u00abagradable de tener\u00bb. Para usted, la \u00abdurabilidad\u00bb es dinero en el banco, un retorno a largo plazo de tu inversi\u00f3n en ventanas y puertas dentro de la \u00abestructura completa\u00bb de la eficiencia energ\u00e9tica, la sostenibilidad del edificio y la integridad estructural.\n<br> <br>\n\u00a1Es tiempo de que rompa con el clich\u00e9 del aluminio! Conozca los altos rendimientos de las ventanas y puertas de PVC de perfiler\u00eda alemana REHAU que beneficiara sus proyectos. Nuestros fabricantes certificados de perfiler\u00eda alemana REHAU est\u00e1n listos para cambiar su marco de preferencia.\t\t\t\t\t\t\t\t<\/div>\n\t\t\t\t<\/div>\n\t\t\t\t\t<\/div>\n\t\t<\/div>\n\t\t\t\t\t<\/div>\n\t\t<\/section>\n\t\t\t\t<section class=\"elementor-section elementor-top-section elementor-element elementor-element-9925d90 elementor-section-content-middle elementor-section-boxed elementor-section-height-default elementor-section-height-default\" data-id=\"9925d90\" data-element_type=\"section\" data-e-type=\"section\" id=\"confort\" data-settings=\"{&quot;background_background&quot;:&quot;classic&quot;}\">\n\t\t\t\t\t\t<div class=\"elementor-container elementor-column-gap-no\">\n\t\t\t\t\t<div class=\"elementor-column elementor-col-50 elementor-top-column elementor-element elementor-element-aa50c71\" data-id=\"aa50c71\" data-element_type=\"column\" data-e-type=\"column\">\n\t\t\t<div class=\"elementor-widget-wrap elementor-element-populated\">\n\t\t\t\t\t\t<div class=\"elementor-element elementor-element-6907d8b elementor-widget elementor-widget-text-editor\" data-id=\"6907d8b\" data-element_type=\"widget\" data-e-type=\"widget\" data-widget_type=\"text-editor.default\">\n\t\t\t\t<div class=\"elementor-widget-container\">\n\t\t\t\t\t\t\t\t\tConfort\t\t\t\t\t\t\t\t<\/div>\n\t\t\t\t<\/div>\n\t\t\t\t<div class=\"elementor-element elementor-element-3d701df elementor-widget elementor-widget-image\" data-id=\"3d701df\" data-element_type=\"widget\" data-e-type=\"widget\" data-widget_type=\"image.default\">\n\t\t\t\t<div class=\"elementor-widget-container\">\n\t\t\t\t\t\t\t\t\t\t\t\t\t\t\t<img loading=\"lazy\" decoding=\"async\" width=\"400\" height=\"560\" src=\"https:\/\/omtrek.com.mx\/wp-content\/uploads\/confort_comercial_omtrek.jpg\" class=\"attachment-full size-full wp-image-3066\" alt=\"\" srcset=\"https:\/\/omtrek.com.mx\/wp-content\/uploads\/confort_comercial_omtrek.jpg 400w, https:\/\/omtrek.com.mx\/wp-content\/uploads\/confort_comercial_omtrek-214x300.jpg 214w\" sizes=\"(max-width: 400px) 100vw, 400px\" \/>\t\t\t\t\t\t\t\t\t\t\t\t\t\t\t<\/div>\n\t\t\t\t<\/div>\n\t\t\t\t\t<\/div>\n\t\t<\/div>\n\t\t\t\t<div class=\"elementor-column elementor-col-50 elementor-top-column elementor-element elementor-element-d9774f1\" data-id=\"d9774f1\" data-element_type=\"column\" data-e-type=\"column\">\n\t\t\t<div class=\"elementor-widget-wrap elementor-element-populated\">\n\t\t\t\t\t\t<div class=\"elementor-element elementor-element-cc787e5 elementor-widget elementor-widget-text-editor\" data-id=\"cc787e5\" data-element_type=\"widget\" data-e-type=\"widget\" data-widget_type=\"text-editor.default\">\n\t\t\t\t<div class=\"elementor-widget-container\">\n\t\t\t\t\t\t\t\t\tEl confort REHAU se traduce en un mayor atractivo en el mercado al mismo tiempo que aumenta el valor\t\t\t\t\t\t\t\t<\/div>\n\t\t\t\t<\/div>\n\t\t\t\t<div class=\"elementor-element elementor-element-b203f54 elementor-widget elementor-widget-text-editor\" data-id=\"b203f54\" data-element_type=\"widget\" data-e-type=\"widget\" data-widget_type=\"text-editor.default\">\n\t\t\t\t<div class=\"elementor-widget-container\">\n\t\t\t\t\t\t\t\t\tCuando hablamos de vivienda, hay dos grupos demogr\u00e1ficos de r\u00e1pido crecimiento y que tienen mucho en com\u00fan. Los adultos mayores y los millennials est\u00e1n dejando atr\u00e1s la casa familiar por la vitalidad de un estilo de vida urbano. Por lo tanto, la demanda de viviendas multifamiliares, departamentos, edificios de lujo y otros desarrollos ligeros en \u00e1reas urbanas est\u00e1n aumentando. Adem\u00e1s, las expectativas que comparten los adultos mayores activos y los millennials de un entorno de vida c\u00f3modo, especialmente cuando se trata de ruido, corrientes de aire y seguridad.\n<br><br>\nSi su objetivo principal es destacar en este mercado competitivo mientras protege el valor de su inversi\u00f3n. Bueno, inversionistas, desarrolladores, contratistas, arquitectos, administradores y due\u00f1os de propiedades, se ver\u00e1n muy beneficiados, porque les diremos c\u00f3mo las ventanas y puertas PVC de perfiler\u00eda alemana REHAU, de ingenier\u00eda alemana y fabricaci\u00f3n nacional le dar\u00e1n la ventaja donde importa, con la mayor\u00eda de los millenials y las personas mayores: \u00a1Confort!\t\t\t\t\t\t\t\t<\/div>\n\t\t\t\t<\/div>\n\t\t\t\t\t<\/div>\n\t\t<\/div>\n\t\t\t\t\t<\/div>\n\t\t<\/section>\n\t\t\t\t<section class=\"elementor-section elementor-top-section elementor-element elementor-element-65dfa4d3 elementor-section-content-middle elementor-section-boxed elementor-section-height-default elementor-section-height-default\" data-id=\"65dfa4d3\" data-element_type=\"section\" data-e-type=\"section\" data-settings=\"{&quot;background_background&quot;:&quot;classic&quot;}\">\n\t\t\t\t\t\t<div class=\"elementor-container elementor-column-gap-no\">\n\t\t\t\t\t<div class=\"elementor-column elementor-col-100 elementor-top-column elementor-element elementor-element-4dc2de51\" data-id=\"4dc2de51\" data-element_type=\"column\" data-e-type=\"column\">\n\t\t\t<div class=\"elementor-widget-wrap elementor-element-populated\">\n\t\t\t\t\t\t<div class=\"elementor-element elementor-element-763f872f elementor-widget elementor-widget-text-editor\" data-id=\"763f872f\" data-element_type=\"widget\" data-e-type=\"widget\" data-widget_type=\"text-editor.default\">\n\t\t\t\t<div class=\"elementor-widget-container\">\n\t\t\t\t\t\t\t\t\tHasta un 25% menos ruido, un 60% menos de filtraci\u00f3n de aire, con las innovadoras ventanas y puertas de perfiler\u00eda alemana REHAU\t\t\t\t\t\t\t\t<\/div>\n\t\t\t\t<\/div>\n\t\t\t\t\t<\/div>\n\t\t<\/div>\n\t\t\t\t\t<\/div>\n\t\t<\/section>\n\t\t\t\t<section class=\"elementor-section elementor-top-section elementor-element elementor-element-e4d591a elementor-section-content-middle elementor-section-boxed elementor-section-height-default elementor-section-height-default\" data-id=\"e4d591a\" data-element_type=\"section\" data-e-type=\"section\" data-settings=\"{&quot;background_background&quot;:&quot;classic&quot;}\">\n\t\t\t\t\t\t<div class=\"elementor-container elementor-column-gap-no\">\n\t\t\t\t\t<div class=\"elementor-column elementor-col-100 elementor-top-column elementor-element elementor-element-6134fb1\" data-id=\"6134fb1\" data-element_type=\"column\" data-e-type=\"column\">\n\t\t\t<div class=\"elementor-widget-wrap elementor-element-populated\">\n\t\t\t\t\t\t<div class=\"elementor-element elementor-element-257c9d76 elementor-widget elementor-widget-text-editor\" data-id=\"257c9d76\" data-element_type=\"widget\" data-e-type=\"widget\" data-widget_type=\"text-editor.default\">\n\t\t\t\t<div class=\"elementor-widget-container\">\n\t\t\t\t\t\t\t\t\tAislamiento ac\u00fastico\t\t\t\t\t\t\t\t<\/div>\n\t\t\t\t<\/div>\n\t\t\t\t<div class=\"elementor-element elementor-element-759b1b0 elementor-widget elementor-widget-text-editor\" data-id=\"759b1b0\" data-element_type=\"widget\" data-e-type=\"widget\" data-widget_type=\"text-editor.default\">\n\t\t\t\t<div class=\"elementor-widget-container\">\n\t\t\t\t\t\t\t\t\tDespu\u00e9s de un ajetreado d\u00eda de trabajo o de una gran noche en la ciudad, el silencio es oro&#8230; pero es dif\u00edcil de conseguir en entornos urbanos ruidosos. Gracias al sofisticado <strong>dise\u00f1o multic\u00e1mara<\/strong>, nuestra tecnolog\u00eda patentada de sello por compresi\u00f3n de alta ingenier\u00eda y capacidades de acristalamiento de hasta 51 mm, los residentes y hu\u00e9spedes disfrutan de un mayor aislamiento ac\u00fastico, con las clasificaciones STC (clase de transmisi\u00f3n de sonido) de hasta 45 decibeles (dB). Cada reducci\u00f3n de 10 dB se siente la mitad de ruidosa para el o\u00eddo humano, por lo que nuestras ventanas de grado comercial <strong>mejoran la reducci\u00f3n de ruido hasta en un 25%.<\/strong>\t\t\t\t\t\t\t\t<\/div>\n\t\t\t\t<\/div>\n\t\t\t\t<div class=\"elementor-element elementor-element-6597c5e0 elementor-widget elementor-widget-text-editor\" data-id=\"6597c5e0\" data-element_type=\"widget\" data-e-type=\"widget\" data-widget_type=\"text-editor.default\">\n\t\t\t\t<div class=\"elementor-widget-container\">\n\t\t\t\t\t\t\t\t\tFiltraci\u00f3n de aire\t\t\t\t\t\t\t\t<\/div>\n\t\t\t\t<\/div>\n\t\t\t\t<div class=\"elementor-element elementor-element-114a19df elementor-widget elementor-widget-text-editor\" data-id=\"114a19df\" data-element_type=\"widget\" data-e-type=\"widget\" data-widget_type=\"text-editor.default\">\n\t\t\t\t<div class=\"elementor-widget-container\">\n\t\t\t\t\t\t\t\t\tDesde duros inviernos, hasta un sol abrasador y fuertes vientos de norte a sur en M\u00e9xico y Centroam\u00e9rica, las ciudades experimentan una amplia gama de condiciones ambientales. Los exigentes est\u00e1ndares de perfiler\u00eda alemana REHAU para el dise\u00f1o, los materiales y la extrusi\u00f3n, crea ventanas que logran \u00edndices de filtraci\u00f3n de aire tan bajo como 0.02 cfm\/sqft, en comparaci\u00f3n con los marcos de aluminio a 0.05. Esto significa que no hay corrientes de aire inc\u00f3modas y demuestra una vez m\u00e1s por qu\u00e9 las ventanas y puertas de perfiler\u00eda alemana REHAU reducen los costos operativos con una eficiencia energ\u00e9tica l\u00edder en la industria.\t\t\t\t\t\t\t\t<\/div>\n\t\t\t\t<\/div>\n\t\t\t\t<div class=\"elementor-element elementor-element-23842672 elementor-widget elementor-widget-text-editor\" data-id=\"23842672\" data-element_type=\"widget\" data-e-type=\"widget\" data-widget_type=\"text-editor.default\">\n\t\t\t\t<div class=\"elementor-widget-container\">\n\t\t\t\t\t\t\t\t\tBarrera contra la humedad\t\t\t\t\t\t\t\t<\/div>\n\t\t\t\t<\/div>\n\t\t\t\t<div class=\"elementor-element elementor-element-5f080581 elementor-widget elementor-widget-text-editor\" data-id=\"5f080581\" data-element_type=\"widget\" data-e-type=\"widget\" data-widget_type=\"text-editor.default\">\n\t\t\t\t<div class=\"elementor-widget-container\">\n\t\t\t\t\t\t\t\t\tLa filtraci\u00f3n de humedad es el principal problema p\u00fablico para todos en esta discusi\u00f3n, desde el constructor hasta el residente. Las ventanas con filtraciones eventualmente ser\u00e1n reemplazadas para evitar da\u00f1os estructurales en los espacios de las paredes contiguas. La humedad tambi\u00e9n crea moho, un riesgo conocido para la salud. Debido a que los marcos y las hojas PVC de perfiler\u00eda alemana REHAU cuentan con esquinas termofusionadas y los sellos de compresi\u00f3n est\u00e1n co-extruidos, los cuales est\u00e1n dise\u00f1ados para cero fugas, mientras que las esquinas unidas mec\u00e1nicamente que se usan en las ventanas de aluminio eventualmente tienen fugas.\t\t\t\t\t\t\t\t<\/div>\n\t\t\t\t<\/div>\n\t\t\t\t<div class=\"elementor-element elementor-element-0b79daf elementor-widget elementor-widget-text-editor\" data-id=\"0b79daf\" data-element_type=\"widget\" data-e-type=\"widget\" data-widget_type=\"text-editor.default\">\n\t\t\t\t<div class=\"elementor-widget-container\">\n\t\t\t\t\t\t\t\t\tAhora es su turno de ahorrar dinero con el rendimiento t\u00e9rmico avanzado de perfiler\u00eda alemana REHAU\t\t\t\t\t\t\t\t<\/div>\n\t\t\t\t<\/div>\n\t\t\t\t<div class=\"elementor-element elementor-element-ba3cda7 elementor-widget elementor-widget-text-editor\" data-id=\"ba3cda7\" data-element_type=\"widget\" data-e-type=\"widget\" data-widget_type=\"text-editor.default\">\n\t\t\t\t<div class=\"elementor-widget-container\">\n\t\t\t\t\t\t\t\t\tLa comodidad crea un atractivo para el mercado y satisfacci\u00f3n para residentes y hu\u00e9spedes, lo que se traduce en una mayor equidad en el balance para usted. Agregue lo que ahorrar\u00e1 en costos de energ\u00eda, y deber\u00eda estar al tel\u00e9fono ahora mismo <strong>con su ejecutivo OMTREK.<\/strong>\t\t\t\t\t\t\t\t<\/div>\n\t\t\t\t<\/div>\n\t\t\t\t\t<\/div>\n\t\t<\/div>\n\t\t\t\t\t<\/div>\n\t\t<\/section>\n\t\t\t\t<section class=\"elementor-section elementor-top-section elementor-element elementor-element-296ff5e elementor-section-content-middle elementor-section-boxed elementor-section-height-default elementor-section-height-default\" data-id=\"296ff5e\" data-element_type=\"section\" data-e-type=\"section\" id=\"diseno\" data-settings=\"{&quot;background_background&quot;:&quot;classic&quot;}\">\n\t\t\t\t\t\t<div class=\"elementor-container elementor-column-gap-no\">\n\t\t\t\t\t<div class=\"elementor-column elementor-col-50 elementor-top-column elementor-element elementor-element-956bd5d\" data-id=\"956bd5d\" data-element_type=\"column\" data-e-type=\"column\">\n\t\t\t<div class=\"elementor-widget-wrap elementor-element-populated\">\n\t\t\t\t\t\t<div class=\"elementor-element elementor-element-d67156d elementor-widget elementor-widget-text-editor\" data-id=\"d67156d\" data-element_type=\"widget\" data-e-type=\"widget\" data-widget_type=\"text-editor.default\">\n\t\t\t\t<div class=\"elementor-widget-container\">\n\t\t\t\t\t\t\t\t\tDise\u00f1o\t\t\t\t\t\t\t\t<\/div>\n\t\t\t\t<\/div>\n\t\t\t\t<div class=\"elementor-element elementor-element-d52f532 elementor-widget elementor-widget-image\" data-id=\"d52f532\" data-element_type=\"widget\" data-e-type=\"widget\" data-widget_type=\"image.default\">\n\t\t\t\t<div class=\"elementor-widget-container\">\n\t\t\t\t\t\t\t\t\t\t\t\t\t\t\t<img loading=\"lazy\" decoding=\"async\" width=\"400\" height=\"560\" src=\"https:\/\/omtrek.com.mx\/wp-content\/uploads\/diseno_comercial_omtrek.jpg\" class=\"attachment-full size-full wp-image-3097\" alt=\"\" srcset=\"https:\/\/omtrek.com.mx\/wp-content\/uploads\/diseno_comercial_omtrek.jpg 400w, https:\/\/omtrek.com.mx\/wp-content\/uploads\/diseno_comercial_omtrek-214x300.jpg 214w\" sizes=\"(max-width: 400px) 100vw, 400px\" \/>\t\t\t\t\t\t\t\t\t\t\t\t\t\t\t<\/div>\n\t\t\t\t<\/div>\n\t\t\t\t\t<\/div>\n\t\t<\/div>\n\t\t\t\t<div class=\"elementor-column elementor-col-50 elementor-top-column elementor-element elementor-element-f2a5afe\" data-id=\"f2a5afe\" data-element_type=\"column\" data-e-type=\"column\">\n\t\t\t<div class=\"elementor-widget-wrap elementor-element-populated\">\n\t\t\t\t\t\t<div class=\"elementor-element elementor-element-81d74d4 elementor-widget elementor-widget-text-editor\" data-id=\"81d74d4\" data-element_type=\"widget\" data-e-type=\"widget\" data-widget_type=\"text-editor.default\">\n\t\t\t\t<div class=\"elementor-widget-container\">\n\t\t\t\t\t\t\t\t\tAlcance su visi\u00f3n de un estilo arquitect\u00f3nico de renombre sin comprometer el rendimiento t\u00e9rmico\t\t\t\t\t\t\t\t<\/div>\n\t\t\t\t<\/div>\n\t\t\t\t<div class=\"elementor-element elementor-element-0bfb36f elementor-widget elementor-widget-text-editor\" data-id=\"0bfb36f\" data-element_type=\"widget\" data-e-type=\"widget\" data-widget_type=\"text-editor.default\">\n\t\t\t\t<div class=\"elementor-widget-container\">\n\t\t\t\t\t\t\t\t\tLa presentaci\u00f3n del dise\u00f1o final fue un \u00e9xito rotundo. Especialmente los atrevidos planes para hacer el edificio con certificaci\u00f3n LEED\u00ae, lo que dar\u00e1 al cliente una ventaja en un mercado de arrendamiento competitivo, adem\u00e1s de proporcionar valiosos cr\u00e9ditos fiscales. S\u00f3lo hay un problema: Las ventanas de aluminio que pueden cumplir con su visi\u00f3n est\u00e9tica, no cumplen con sus requisitos de eficiencia energ\u00e9tica.\n<br><br>\nAnalice los valores, las caracter\u00edsticas y los beneficios de las ventanas y puertas PVC de perfiler\u00eda alemana REHAU, ayudara a cumplir y superar los requisitos de energ\u00eda de toda su estructura.\n<br><br>\nElija entre m\u00faltiples configuraciones, innumerables formas, colores y acabados deslumbrantes.\n<br><br>\nLas ventanas y puertas de perfiler\u00eda alemana REHAU pueden personalizarse para que se ajusten a su edificio en lugar de que usted ajuste su edificio a nuestras ventanas.\t\t\t\t\t\t\t\t<\/div>\n\t\t\t\t<\/div>\n\t\t\t\t\t<\/div>\n\t\t<\/div>\n\t\t\t\t\t<\/div>\n\t\t<\/section>\n\t\t\t\t<section class=\"elementor-section elementor-top-section elementor-element elementor-element-50603f5 elementor-section-content-middle elementor-section-boxed elementor-section-height-default elementor-section-height-default\" data-id=\"50603f5\" data-element_type=\"section\" data-e-type=\"section\" data-settings=\"{&quot;background_background&quot;:&quot;classic&quot;}\">\n\t\t\t\t\t\t<div class=\"elementor-container elementor-column-gap-no\">\n\t\t\t\t\t<div class=\"elementor-column elementor-col-100 elementor-top-column elementor-element elementor-element-6fb5c58\" data-id=\"6fb5c58\" data-element_type=\"column\" data-e-type=\"column\">\n\t\t\t<div class=\"elementor-widget-wrap elementor-element-populated\">\n\t\t\t\t\t\t<div class=\"elementor-element elementor-element-b2254f1 elementor-widget elementor-widget-text-editor\" data-id=\"b2254f1\" data-element_type=\"widget\" data-e-type=\"widget\" data-widget_type=\"text-editor.default\">\n\t\t\t\t<div class=\"elementor-widget-container\">\n\t\t\t\t\t\t\t\t\tM\u00faltiples configuraciones de apertura\t\t\t\t\t\t\t\t<\/div>\n\t\t\t\t<\/div>\n\t\t\t\t<div class=\"elementor-element elementor-element-bfc84ec elementor-widget elementor-widget-text-editor\" data-id=\"bfc84ec\" data-element_type=\"widget\" data-e-type=\"widget\" data-widget_type=\"text-editor.default\">\n\t\t\t\t<div class=\"elementor-widget-container\">\n\t\t\t\t\t\t\t\t\tCiertamente encontrar\u00e1 todas las configuraciones est\u00e1ndar de ventanas y puertas de M\u00e9xico en\u00a0perfiler\u00eda alemana REHAU, incluyendo las <strong>corredizas, abatibles al interior y al exterior, las proyectantes y las oscilobatientes.<\/strong> Tambi\u00e9n est\u00e1n nuestras revolucionarias puertas abatibles<strong> corredizas, las puertas plegables y las puertas corredizas elevables,<\/strong> un pilar en Europa con una ingenier\u00eda \u00fanica para un rendimiento superior.\t\t\t\t\t\t\t\t<\/div>\n\t\t\t\t<\/div>\n\t\t\t\t<div class=\"elementor-element elementor-element-e5ce8fd elementor-widget elementor-widget-text-editor\" data-id=\"e5ce8fd\" data-element_type=\"widget\" data-e-type=\"widget\" data-widget_type=\"text-editor.default\">\n\t\t\t\t<div class=\"elementor-widget-container\">\n\t\t\t\t\t\t\t\t\tNuestras formas y sus formas\t\t\t\t\t\t\t\t<\/div>\n\t\t\t\t<\/div>\n\t\t\t\t<div class=\"elementor-element elementor-element-5ced140 elementor-widget elementor-widget-text-editor\" data-id=\"5ced140\" data-element_type=\"widget\" data-e-type=\"widget\" data-widget_type=\"text-editor.default\">\n\t\t\t\t<div class=\"elementor-widget-container\">\n\t\t\t\t\t\t\t\t\tAhora agregue innumerables formas, desde <strong>redondas, semicirculares, triangulares hasta inclinadas y el\u00edpticas.<\/strong> Logre una flexibilidad de dise\u00f1o a\u00fan mayor y elementos de ventana grandes y llamativos con nuestras configuraciones de per\u00edmetro \u00fanico.\t\t\t\t\t\t\t\t<\/div>\n\t\t\t\t<\/div>\n\t\t\t\t<div class=\"elementor-element elementor-element-47fac3f elementor-widget elementor-widget-text-editor\" data-id=\"47fac3f\" data-element_type=\"widget\" data-e-type=\"widget\" data-widget_type=\"text-editor.default\">\n\t\t\t\t<div class=\"elementor-widget-container\">\n\t\t\t\t\t\t\t\t\tLas opciones de colores brillantes complementan los acabados de metal o madera\t\t\t\t\t\t\t\t<\/div>\n\t\t\t\t<\/div>\n\t\t\t\t<div class=\"elementor-element elementor-element-1dd7640 elementor-widget elementor-widget-text-editor\" data-id=\"1dd7640\" data-element_type=\"widget\" data-e-type=\"widget\" data-widget_type=\"text-editor.default\">\n\t\t\t\t<div class=\"elementor-widget-container\">\n\t\t\t\t\t\t\t\t\tComplete esta bonita imagen con las opciones de <strong>laminado Renolit Exofol FX<\/strong> para obtener un arco\u00edris de colores exteriores y acabados interiores. Elija colores s\u00f3lidos y texturizados, desde <strong>ceylon, anthracite grey o blackbrown<\/strong> en un extremo del espectro hasta<strong> hierro forjado o bronce cepillado<\/strong> en el otro. Imagine acabados interiores que parecen aut\u00e9ntico <strong>roble dorado, caoba o aluminio cepillado.<\/strong>\t\t\t\t\t\t\t\t<\/div>\n\t\t\t\t<\/div>\n\t\t\t\t<div class=\"elementor-element elementor-element-3ac964c elementor-widget elementor-widget-text-editor\" data-id=\"3ac964c\" data-element_type=\"widget\" data-e-type=\"widget\" data-widget_type=\"text-editor.default\">\n\t\t\t\t<div class=\"elementor-widget-container\">\n\t\t\t\t\t\t\t\t\t\u00bfEst\u00e1 preparado para ventanas y puertas de alto rendimiento de \u00abobtenga lo que desea\u00bb en lugar de \u00abobtenga lo que no requiere?\u00bb Nosotros pensamos que s\u00ed, haga clic aqu\u00ed para conectarse con nuestra red de fabricantes de perfiler\u00eda alemana REHAU.\t\t\t\t\t\t\t\t<\/div>\n\t\t\t\t<\/div>\n\t\t\t\t\t<\/div>\n\t\t<\/div>\n\t\t\t\t\t<\/div>\n\t\t<\/section>\n\t\t\t\t<section class=\"elementor-section elementor-top-section elementor-element elementor-element-258b45a0 elementor-section-content-middle elementor-section-boxed elementor-section-height-default elementor-section-height-default\" data-id=\"258b45a0\" data-element_type=\"section\" data-e-type=\"section\" id=\"casapasiva\" data-settings=\"{&quot;background_background&quot;:&quot;classic&quot;}\">\n\t\t\t\t\t\t<div class=\"elementor-container elementor-column-gap-no\">\n\t\t\t\t\t<div class=\"elementor-column elementor-col-50 elementor-top-column elementor-element elementor-element-42003ad7\" data-id=\"42003ad7\" data-element_type=\"column\" data-e-type=\"column\">\n\t\t\t<div class=\"elementor-widget-wrap elementor-element-populated\">\n\t\t\t\t\t\t<div class=\"elementor-element elementor-element-1a604eeb elementor-widget elementor-widget-text-editor\" data-id=\"1a604eeb\" data-element_type=\"widget\" data-e-type=\"widget\" data-widget_type=\"text-editor.default\">\n\t\t\t\t<div class=\"elementor-widget-container\">\n\t\t\t\t\t\t\t\t\tCasa Pasiva\t\t\t\t\t\t\t\t<\/div>\n\t\t\t\t<\/div>\n\t\t\t\t<div class=\"elementor-element elementor-element-96ba89c elementor-widget elementor-widget-image\" data-id=\"96ba89c\" data-element_type=\"widget\" data-e-type=\"widget\" data-widget_type=\"image.default\">\n\t\t\t\t<div class=\"elementor-widget-container\">\n\t\t\t\t\t\t\t\t\t\t\t\t\t\t\t<img loading=\"lazy\" decoding=\"async\" width=\"500\" height=\"489\" src=\"https:\/\/omtrek.com.mx\/wp-content\/uploads\/casapasiva_residencial_omtrek.jpg\" class=\"attachment-full size-full wp-image-2941\" alt=\"\" srcset=\"https:\/\/omtrek.com.mx\/wp-content\/uploads\/casapasiva_residencial_omtrek.jpg 500w, https:\/\/omtrek.com.mx\/wp-content\/uploads\/casapasiva_residencial_omtrek-300x293.jpg 300w\" sizes=\"(max-width: 500px) 100vw, 500px\" \/>\t\t\t\t\t\t\t\t\t\t\t\t\t\t\t<\/div>\n\t\t\t\t<\/div>\n\t\t\t\t\t<\/div>\n\t\t<\/div>\n\t\t\t\t<div class=\"elementor-column elementor-col-50 elementor-top-column elementor-element elementor-element-ac168b5\" data-id=\"ac168b5\" data-element_type=\"column\" data-e-type=\"column\">\n\t\t\t<div class=\"elementor-widget-wrap elementor-element-populated\">\n\t\t\t\t\t\t<div class=\"elementor-element elementor-element-7b1e8c9b elementor-widget elementor-widget-text-editor\" data-id=\"7b1e8c9b\" data-element_type=\"widget\" data-e-type=\"widget\" data-widget_type=\"text-editor.default\">\n\t\t\t\t<div class=\"elementor-widget-container\">\n\t\t\t\t\t\t\t\t\tLa certificaci\u00f3n Passive House exige las ventanas con mayor eficiencia energ\u00e9tica del mundo\t\t\t\t\t\t\t\t<\/div>\n\t\t\t\t<\/div>\n\t\t\t\t<div class=\"elementor-element elementor-element-47cafac6 elementor-widget elementor-widget-text-editor\" data-id=\"47cafac6\" data-element_type=\"widget\" data-e-type=\"widget\" data-widget_type=\"text-editor.default\">\n\t\t\t\t<div class=\"elementor-widget-container\">\n\t\t\t\t\t\t\t\t\tSi lo que usted busca es lograr los m\u00e1s altos est\u00e1ndares en el movimiento de construcci\u00f3n ecol\u00f3gica para su proyecto comercial, incluidas las certificaciones Passive House, Net Zero o LEED\u00ae, contin\u00fae leyendo. Las ventanas y puertas de perfiler\u00eda alemana REHAU\u00a0no solo lideran el mercado del PVC en eficiencia energ\u00e9tica, sino que muchos dise\u00f1os han sido creados para cumplir y superar los criterios estructurales del North American Fenestration Standard (NAFS) para aplicaciones comerciales.\t\t\t\t\t\t\t\t<\/div>\n\t\t\t\t<\/div>\n\t\t\t\t\t<\/div>\n\t\t<\/div>\n\t\t\t\t\t<\/div>\n\t\t<\/section>\n\t\t\t\t<section class=\"elementor-section elementor-top-section elementor-element elementor-element-71becb32 elementor-section-content-middle elementor-section-boxed elementor-section-height-default elementor-section-height-default\" data-id=\"71becb32\" data-element_type=\"section\" data-e-type=\"section\" data-settings=\"{&quot;background_background&quot;:&quot;classic&quot;}\">\n\t\t\t\t\t\t<div class=\"elementor-container elementor-column-gap-no\">\n\t\t\t\t\t<div class=\"elementor-column elementor-col-100 elementor-top-column elementor-element elementor-element-60e51fc5\" data-id=\"60e51fc5\" data-element_type=\"column\" data-e-type=\"column\">\n\t\t\t<div class=\"elementor-widget-wrap elementor-element-populated\">\n\t\t\t\t\t\t<div class=\"elementor-element elementor-element-47d62155 elementor-widget elementor-widget-text-editor\" data-id=\"47d62155\" data-element_type=\"widget\" data-e-type=\"widget\" data-widget_type=\"text-editor.default\">\n\t\t\t\t<div class=\"elementor-widget-container\">\n\t\t\t\t\t\t\t\t\tLa perfiler\u00eda alemana REHAU ayud\u00f3 a ser pionero en el movimiento europeo de construcci\u00f3n ecol\u00f3gica que ahora se extiende por Am\u00e9rica\t\t\t\t\t\t\t\t<\/div>\n\t\t\t\t<\/div>\n\t\t\t\t<div class=\"elementor-element elementor-element-507be904 elementor-widget elementor-widget-text-editor\" data-id=\"507be904\" data-element_type=\"widget\" data-e-type=\"widget\" data-widget_type=\"text-editor.default\">\n\t\t\t\t<div class=\"elementor-widget-container\">\n\t\t\t\t\t\t\t\t\tOriginaria de Europa central, Passive House (o Passivhaus, como se le conoce) es una norma avanzada de eficiencia energ\u00e9tica que produce edificios con una calidad de aire interior y un confort t\u00e9rmico superiores, al tiempo que reduce el uso de energ\u00eda para calefacci\u00f3n y refrigeraci\u00f3n.\n<br> <br>\nLos dise\u00f1os de las Passive House utilizan un 90% menos de energ\u00eda que las estructuras tradicionales de tama\u00f1o similar, mientras que un n\u00famero creciente de edificios de \u00abNet-Zero Energy\u00bb que generan tanta energ\u00eda como la que utilizan.\t\t\t\t\t\t\t\t<\/div>\n\t\t\t\t<\/div>\n\t\t\t\t<div class=\"elementor-element elementor-element-628fa75 elementor-widget elementor-widget-text-editor\" data-id=\"628fa75\" data-element_type=\"widget\" data-e-type=\"widget\" data-widget_type=\"text-editor.default\">\n\t\t\t\t<div class=\"elementor-widget-container\">\n\t\t\t\t\t\t\t\t\tDado que las ventanas y puertas son responsables de alrededor de una cuarta parte de la p\u00e9rdida de energ\u00eda de una estructura, son un factor cr\u00edtico para lograr los est\u00e1ndares ecol\u00f3gicos. Muchas de las m\u00e1s de 30,000 casas pasivas construidas en Europa incorporan sistemas de ventanas y puertas de perfiler\u00eda alemana REHAU.\t\t\t\t\t\t\t\t<\/div>\n\t\t\t\t<\/div>\n\t\t\t\t<div class=\"elementor-element elementor-element-1de62bde elementor-widget elementor-widget-text-editor\" data-id=\"1de62bde\" data-element_type=\"widget\" data-e-type=\"widget\" data-widget_type=\"text-editor.default\">\n\t\t\t\t<div class=\"elementor-widget-container\">\n\t\t\t\t\t\t\t\t\tNuestra amplia experiencia de campo y herencia europea pueden ayudarlo a lograr los est\u00e1ndares ecol\u00f3gicos tambi\u00e9n aqu\u00ed en M\u00e9xico, ya sea simplemente para cumplir con los requisitos de zonificaci\u00f3n local o para lograr los puntos de referencia de la industria m\u00e1s altos de grupos como LEED\u00ae (Liderazgo en Dise\u00f1o Energ\u00e9tico) y PHIUS (el Passive House Institute de EE. UU.).\t\t\t\t\t\t\t\t<\/div>\n\t\t\t\t<\/div>\n\t\t\t\t\t<\/div>\n\t\t<\/div>\n\t\t\t\t\t<\/div>\n\t\t<\/section>\n\t\t\t\t<\/div>\n\t\t","protected":false},"excerpt":{"rendered":"<p>Multifamiliar y Comercial Productos Eficiencia Instalaci\u00f3n Durabilidad Confort Dise\u00f1o Casa Pasiva La eficiencia energ\u00e9tica y el rendimiento superior est\u00e1n integrados en todas las ventanas y puertas de perfiler\u00eda alemana REHAU Claramente, usted es diferente. \u00bfC\u00f3mo lo sabemos? Porque est\u00e1 considerando seriamente las ventanas de perfiler\u00eda alemana REHAU para proyectos multifamiliares o comerciales, para nuevas construcciones [&hellip;]<\/p>\n","protected":false},"author":1,"featured_media":0,"parent":1041,"menu_order":0,"comment_status":"closed","ping_status":"closed","template":"elementor_header_footer","meta":{"site-sidebar-layout":"no-sidebar","site-content-layout":"page-builder","ast-site-content-layout":"","site-content-style":"default","site-sidebar-style":"default","ast-global-header-display":"","ast-banner-title-visibility":"","ast-main-header-display":"","ast-hfb-above-header-display":"","ast-hfb-below-header-display":"","ast-hfb-mobile-header-display":"","site-post-title":"disabled","ast-breadcrumbs-content":"","ast-featured-img":"disabled","footer-sml-layout":"","theme-transparent-header-meta":"","adv-header-id-meta":"","stick-header-meta":"","header-above-stick-meta":"","header-main-stick-meta":"","header-below-stick-meta":"","astra-migrate-meta-layouts":"default","ast-page-background-enabled":"default","ast-page-background-meta":{"desktop":{"background-color":"var(--ast-global-color-4)","background-image":"","background-repeat":"repeat","background-position":"center center","background-size":"auto","background-attachment":"scroll","background-type":"","background-media":"","overlay-type":"","overlay-color":"","overlay-opacity":"","overlay-gradient":""},"tablet":{"background-color":"","background-image":"","background-repeat":"repeat","background-position":"center center","background-size":"auto","background-attachment":"scroll","background-type":"","background-media":"","overlay-type":"","overlay-color":"","overlay-opacity":"","overlay-gradient":""},"mobile":{"background-color":"","background-image":"","background-repeat":"repeat","background-position":"center center","background-size":"auto","background-attachment":"scroll","background-type":"","background-media":"","overlay-type":"","overlay-color":"","overlay-opacity":"","overlay-gradient":""}},"ast-content-background-meta":{"desktop":{"background-color":"var(--ast-global-color-5)","background-image":"","background-repeat":"repeat","background-position":"center center","background-size":"auto","background-attachment":"scroll","background-type":"","background-media":"","overlay-type":"","overlay-color":"","overlay-opacity":"","overlay-gradient":""},"tablet":{"background-color":"var(--ast-global-color-5)","background-image":"","background-repeat":"repeat","background-position":"center center","background-size":"auto","background-attachment":"scroll","background-type":"","background-media":"","overlay-type":"","overlay-color":"","overlay-opacity":"","overlay-gradient":""},"mobile":{"background-color":"var(--ast-global-color-5)","background-image":"","background-repeat":"repeat","background-position":"center center","background-size":"auto","background-attachment":"scroll","background-type":"","background-media":"","overlay-type":"","overlay-color":"","overlay-opacity":"","overlay-gradient":""}},"_joinchat":[],"footnotes":""},"class_list":["post-23","page","type-page","status-publish","hentry"],"_links":{"self":[{"href":"https:\/\/omtrek.com.mx\/en\/wp-json\/wp\/v2\/pages\/23","targetHints":{"allow":["GET"]}}],"collection":[{"href":"https:\/\/omtrek.com.mx\/en\/wp-json\/wp\/v2\/pages"}],"about":[{"href":"https:\/\/omtrek.com.mx\/en\/wp-json\/wp\/v2\/types\/page"}],"author":[{"embeddable":true,"href":"https:\/\/omtrek.com.mx\/en\/wp-json\/wp\/v2\/users\/1"}],"replies":[{"embeddable":true,"href":"https:\/\/omtrek.com.mx\/en\/wp-json\/wp\/v2\/comments?post=23"}],"version-history":[{"count":0,"href":"https:\/\/omtrek.com.mx\/en\/wp-json\/wp\/v2\/pages\/23\/revisions"}],"up":[{"embeddable":true,"href":"https:\/\/omtrek.com.mx\/en\/wp-json\/wp\/v2\/pages\/1041"}],"wp:attachment":[{"href":"https:\/\/omtrek.com.mx\/en\/wp-json\/wp\/v2\/media?parent=23"}],"curies":[{"name":"wp","href":"https:\/\/api.w.org\/{rel}","templated":true}]}}